{"id":12665,"date":"2022-02-11T12:09:06","date_gmt":"2022-02-11T11:09:06","guid":{"rendered":"https:\/\/www.unidroit.org\/?page_id=12665"},"modified":"2022-08-05T13:13:20","modified_gmt":"2022-08-05T11:13:20","slug":"d-cote-divoire","status":"publish","type":"page","link":"https:\/\/www.unidroit.org\/fr\/instruments\/garanties-internationales\/protocole-aeronautique\/etat\/d-cote-divoire\/","title":{"rendered":"D &#8211; C\u00f4te d\u2019Ivoire"},"content":{"rendered":"<div class=\"wpb-content-wrapper\"><p>[vc_row][vc_column css=&#8221;.vc_custom_1490017614850{margin-bottom: 30px !important;}&#8221;][vc_custom_heading text=&#8221;D&#8221; font_container=&#8221;tag:h1|text_align:left&#8221; use_theme_fonts=&#8221;yes&#8221; css=&#8221;.vc_custom_1625938548065{margin-top: 0px !important;margin-bottom: 20px !important;}&#8221;][vc_custom_heading text=&#8221;D\u00c9CLARATIONS D\u00c9POS\u00c9ES PAR LE GOUVERNEMENT DE C\u00d4TE D\u2019IVOIRE EN VERTU DU PROTOCOLE A\u00c9RONAUTIQUE \u00c0 LA CONVENTION DU CAP<br \/>\n&#8221; font_container=&#8221;tag:h4|text_align:left&#8221; use_theme_fonts=&#8221;yes&#8221;][\/vc_column][\/vc_row][vc_row css=&#8221;.vc_custom_1622455036974{background-color: #f2f2f2 !important;}&#8221;][vc_column css=&#8221;.vc_custom_1490017614850{margin-bottom: 30px !important;}&#8221;][vc_column_text]<strong>D\u00c9CLARATIONS D\u00c9POS\u00c9ES PAR LE GOUVERNEMENT DE DE C\u00d4TE D\u2019IVOIREEN VERTU DU PROTOCOLE A\u00c9RONAUTIQUE \u00c0 LA CONVENTION DU CAP<br \/>\n<\/strong><\/p>\n<p>&nbsp;<\/p>\n<p>&nbsp;<\/p>\n<p style=\"text-align: justify;\"><strong><em>Formulaire n\u00b028<\/em><\/strong><strong> (<\/strong><strong>D\u00e9claration en vertu de l\u2019article XIX(1))<\/strong><\/p>\n<p style=\"text-align: justify;\">L\u2019organisme d\u00e9sign\u00e9 en C\u00f4te d\u2019Ivoire comme point d\u2019entr\u00e9e est l\u2019Autorit\u00e9 Nationale de l\u2019Aviation Civile (ANAC).<\/p>\n<p style=\"text-align: justify; padding-left: 40px;\"><span style=\"color: #c20e0e;\">[Cette d\u00e9claration a \u00e9t\u00e9 notifi\u00e9e \u00e0 UNIDROIT par le Gouvernement de C\u00f4te d\u2019Ivoire en tant que d\u00e9claration subs\u00e9quente conform\u00e9ment \u00e0 l&#8217;article XXXIII(1) du Protocole a\u00e9ronautique, le 29 novembre 2017, et conform\u00e9ment \u00e0 l&#8217;article XXXIII(2) du Protocole a\u00e9ronautique elle a pris effet le 1er juin 2018.]<\/span><\/p>\n<p>&nbsp;<\/p>\n<p style=\"text-align: justify;\"><strong><em>Formulaire n\u00b034 (D\u00e9claration g\u00e9n\u00e9rale en vertu de l\u2019article XXIX)*<\/em><\/strong><em>\u00a0<\/em><\/p>\n<p style=\"text-align: justify;\">L\u2019Etat de C\u00f4te d\u2019Ivoire d\u00e9clare que le Protocole s\u2019applique \u00e0 toutes ses unit\u00e9s territoriales.<\/p>\n<p>&nbsp;<\/p>\n<p style=\"text-align: justify;\"><strong><em>Formulaire n\u00b019 (D\u00e9claration en vertu de l\u2019article XXX (1) se rapportant \u00e0 l\u2019article VIII) *<\/em><\/strong><\/p>\n<p style=\"text-align: justify;\">L\u2019Etat de C\u00f4te d\u2019Ivoire d\u00e9clare qu\u2019il appliquera l\u2019article VIII.<\/p>\n<p>&nbsp;<\/p>\n<p style=\"text-align: justify;\"><strong><em>Formulaire n\u00b026 (D\u00e9claration en vertu de l\u2019article XXX (1) se rapportant \u00e0 l\u2019article XII)*<\/em><\/strong><\/p>\n<p style=\"text-align: justify;\">L\u2019Etat de C\u00f4te d\u2019Ivoire d\u00e9clare qu\u2019il appliquera l\u2019article XII.<\/p>\n<p>&nbsp;<\/p>\n<p style=\"text-align: justify;\"><strong><em>Formulaire n\u00b027 (D\u00e9claration en vertu de l\u2019article XXX (1) se rapportant \u00e0 l\u2019article XIII*<\/em><\/strong><\/p>\n<p style=\"text-align: justify;\">L\u2019Etat de C\u00f4te d\u2019Ivoire d\u00e9clare qu\u2019il appliquera l\u2019article XIII.<\/p>\n<p>&nbsp;<\/p>\n<p style=\"text-align: justify;\"><strong><em>Formulaire n\u00b021 (D\u00e9claration en vertu de l\u2019article XXX (2) se rapportant \u00e0 l\u2019article X et pr\u00e9voyant l\u2019application int\u00e9grale de cet article)*<\/em><\/strong><strong>\u00a0<\/strong><\/p>\n<p style=\"text-align: justify;\">L\u2019Etat de C\u00f4te d\u2019Ivoire d\u00e9clare qu&#8217;il appliquera l&#8217;article X dans son int\u00e9gralit\u00e9 et que le nombre de jours ouvrables \u00e0 compter dans l&#8217;expression \u00abbref d\u00e9lai\u00bb de l&#8217;article X (2) relatif aux mesures ouvertes au cr\u00e9ancier pr\u00e9vues aux articles 13 (1) (a), (b) et (c) de la Convention (conservation du bien a\u00e9ronautique et de sa valeur, la mise en possession, le contr\u00f4le et la garde du bien ; et l&#8217;immobilisation du bien) est du nombre de jours ouvrables \u00e9quivalents \u00e0 dix (10) jours civils au maximum et, relatif aux mesures pr\u00e9vues aux articles 13 (1) (d) et (e) de la Convention (le bail ou \u00e0 l&#8217;exception des cas aux alin\u00e9as a) et c) de l&#8217;article 13 (1), la gestion du bien et les revenus du bien a\u00e9ronautique) ainsi que la vente et l&#8217;attribution des produits de la vente sont du nombre de jours ouvrables \u00e9quivalents \u00e0 trente (30) jours civils au maximum.<\/p>\n<p>&nbsp;<\/p>\n<p style=\"text-align: justify;\"><strong><em>Formulaire n\u00b023 (D\u00e9claration g\u00e9n\u00e9rale en vertu de l\u2019article XXX (3) se rapportant \u00e0 l\u2019article XI et pr\u00e9voyant l\u2019application de la Variante A dans son int\u00e9gralit\u00e9 \u00e0 toutes les cat\u00e9gories de proc\u00e9dures d\u2019insolvabilit\u00e9)* <\/em><\/strong><\/p>\n<p style=\"text-align: justify;\">L\u2019Etat de C\u00f4te d\u2019Ivoire d\u00e9clare qu&#8217;il appliquera l&#8217;article XI dans sa Variante A dans son int\u00e9gralit\u00e9 \u00e0 toutes les cat\u00e9gories de proc\u00e9dures d\u2019insolvabilit\u00e9 et que la p\u00e9riode d\u2019attente aux fins de l\u2019article XI (3) de cette variante est de soixante (60) jours civils.<\/p>\n<p>&nbsp;<\/p>\n<p style=\"text-align: justify; padding-left: 40px;\"><span style=\"color: #c20e0e;\">[<strong>*<\/strong>Ces d\u00e9clarations ont \u00e9t\u00e9 notifi\u00e9es \u00e0 UNIDROIT par le Gouvernement de C\u00f4te d\u2019Ivoire, en tant que d\u00e9clarations subs\u00e9quentes conform\u00e9ment \u00e0 l&#8217;article XXXIII(1) du Protocole a\u00e9ronautique, le 12 juin 2019, et conform\u00e9ment \u00e0 l&#8217;article XXXIII(2) du Protocole a\u00e9ronautique elles prendront effet le 1er janvier 2020.]<\/span><\/p>\n<p>&nbsp;<\/p>\n<p style=\"text-align: center;\">*******<\/p>\n<p>&nbsp;<\/p>\n<p style=\"text-align: center;\"><a href=\"https:\/\/www.unidroit.org\/fr\/instruments\/garanties-internationales\/convention-du-cap\/etats-parties\/cote-divoire\/\">D\u00e9clarations d\u00e9pos\u00e9es par la C\u00f4te d\u2019Ivoire en vertu de la Convention du Cap<\/a><\/p>\n<p>&nbsp;<\/p>\n<p>[\/vc_column_text][\/vc_column][\/vc_row][vc_row][vc_column][vc_empty_space height=&#8221;10px&#8221;][\/vc_column][\/vc_row]<\/p>\n<\/div>","protected":false},"excerpt":{"rendered":"<p>[vc_row][vc_column css=&#8221;.vc_custom_1490017614850{margin-bottom: 30px !important;}&#8221;][vc_custom_heading text=&#8221;D&#8221; font_container=&#8221;tag:h1|text_align:left&#8221; use_theme_fonts=&#8221;yes&#8221; css=&#8221;.vc_custom_1625938548065{margin-top: 0px !important;margin-bottom: 20px !important;}&#8221;][vc_custom_heading text=&#8221;D\u00c9CLARATIONS D\u00c9POS\u00c9ES PAR LE GOUVERNEMENT DE C\u00d4TE D\u2019IVOIRE EN VERTU DU PROTOCOLE A\u00c9RONAUTIQUE \u00c0 LA CONVENTION DU CAP &#8221; font_container=&#8221;tag:h4|text_align:left&#8221; use_theme_fonts=&#8221;yes&#8221;][\/vc_column][\/vc_row][vc_row css=&#8221;.vc_custom_1622455036974{background-color: #f2f2f2 !important;}&#8221;][vc_column css=&#8221;.vc_custom_1490017614850{margin-bottom: 30px !important;}&#8221;][vc_column_text]D\u00c9CLARATIONS D\u00c9POS\u00c9ES PAR LE GOUVERNEMENT DE DE&nbsp;<a href=\"https:\/\/www.unidroit.org\/fr\/instruments\/garanties-internationales\/protocole-aeronautique\/etat\/d-cote-divoire\/\">&hellip;<\/a><\/p>\n","protected":false},"author":19,"featured_media":0,"parent":7387,"menu_order":0,"comment_status":"closed","ping_status":"closed","template":"","meta":{"ep_exclude_from_search":false,"footnotes":""},"class_list":["post-12665","page","type-page","status-publish","format-standard","hentry","odd"],"_links":{"self":[{"href":"https:\/\/www.unidroit.org\/fr\/wp-json\/wp\/v2\/pages\/12665","targetHints":{"allow":["GET"]}}],"collection":[{"href":"https:\/\/www.unidroit.org\/fr\/wp-json\/wp\/v2\/pages"}],"about":[{"href":"https:\/\/www.unidroit.org\/fr\/wp-json\/wp\/v2\/types\/page"}],"author":[{"embeddable":true,"href":"https:\/\/www.unidroit.org\/fr\/wp-json\/wp\/v2\/users\/19"}],"replies":[{"embeddable":true,"href":"https:\/\/www.unidroit.org\/fr\/wp-json\/wp\/v2\/comments?post=12665"}],"version-history":[{"count":0,"href":"https:\/\/www.unidroit.org\/fr\/wp-json\/wp\/v2\/pages\/12665\/revisions"}],"up":[{"embeddable":true,"href":"https:\/\/www.unidroit.org\/fr\/wp-json\/wp\/v2\/pages\/7387"}],"wp:attachment":[{"href":"https:\/\/www.unidroit.org\/fr\/wp-json\/wp\/v2\/media?parent=12665"}],"curies":[{"name":"wp","href":"https:\/\/api.w.org\/{rel}","templated":true}]}}