{"id":12673,"date":"2022-02-11T12:21:02","date_gmt":"2022-02-11T11:21:02","guid":{"rendered":"https:\/\/www.unidroit.org\/?page_id=12673"},"modified":"2022-08-05T13:15:58","modified_gmt":"2022-08-05T11:15:58","slug":"d-luxembourg","status":"publish","type":"page","link":"https:\/\/www.unidroit.org\/fr\/instruments\/garanties-internationales\/protocole-aeronautique\/etat\/d-luxembourg\/","title":{"rendered":"D &#8211; Luxembourg"},"content":{"rendered":"<div class=\"wpb-content-wrapper\"><p>[vc_row][vc_column css=&#8221;.vc_custom_1490017614850{margin-bottom: 30px !important;}&#8221;][vc_custom_heading text=&#8221;D&#8221; font_container=&#8221;tag:h1|text_align:left&#8221; use_theme_fonts=&#8221;yes&#8221; css=&#8221;.vc_custom_1625938548065{margin-top: 0px !important;margin-bottom: 20px !important;}&#8221;][vc_custom_heading text=&#8221;D\u00c9CLARATIONS D\u00c9POS\u00c9ES PAR LE GOUVERNEMENT DU GRAND-DUCH\u00c9 DE LUXEMBOURG EN VERTU DU PROTOCOLE A\u00c9RONAUTIQUE AU MOMENT DU DEP\u00d4T DE SON INSTRUMENT DE RATIFICATION&#8221; font_container=&#8221;tag:h4|text_align:left&#8221; use_theme_fonts=&#8221;yes&#8221;][\/vc_column][\/vc_row][vc_row css=&#8221;.vc_custom_1622455036974{background-color: #f2f2f2 !important;}&#8221;][vc_column css=&#8221;.vc_custom_1490017614850{margin-bottom: 30px !important;}&#8221;][vc_column_text]<\/p>\n<p style=\"text-align: center;\"><strong>D\u00c9CLARATIONS D\u00c9POS\u00c9ES PAR LE GOUVERNEMENT DU GRAND-DUCH\u00c9 DE LUXEMBOURG <\/strong><strong>EN VERTU DU PROTOCOLE A\u00c9RONAUTIQUE AU MOMENT DU DEP\u00d4T DE SON INSTRUMENT DE RATIFICATION<\/strong><\/p>\n<p>&nbsp;<\/p>\n<p style=\"text-align: justify;\">Le Grand-Duch\u00e9 de Luxembourg fait sans pr\u00e9judice de l\u2019exercice futur par la Communaut\u00e9 europ\u00e9enne de ses comp\u00e9tences les d\u00e9clarations suivantes:<\/p>\n<p style=\"padding-left: 40px; text-align: justify;\">&#8211; aux fins de l\u2019article XXX(1) du Protocole a\u00e9ronautique, le Grand-Duch\u00e9 de Luxembourg d\u00e9clare qu\u2019il appliquera ses articles VIII, XII, XIII;<\/p>\n<p style=\"padding-left: 40px; text-align: justify;\">&#8211; aux fins de l\u2019article XXX(2) du Protocole a\u00e9ronautique, le Grand-Duch\u00e9 de Luxembourg d\u00e9clare qu\u2019il appliquera son article X dans son int\u00e9gralit\u00e9 mais \u00e0 l\u2019exclusion de son paragraphe (5) et que l\u2019expression \u00ab bref d\u00e9lai \u00bb qui y figure repr\u00e9sente un d\u00e9lai de 10 jours pour l\u2019octroi des mesures \u00e9num\u00e9r\u00e9es aux paragraphes a) \u00e0 c) de l\u2019article 13(1) de la Convention et un d\u00e9lai de 30 jours pour les mesures \u00e9num\u00e9r\u00e9es aux paragraphes d) et e) de ce m\u00eame article;<\/p>\n<p style=\"padding-left: 40px; text-align: justify;\">&#8211; aux fins de l\u2019article XXX(3) du Protocole a\u00e9ronautique, le Grand-Duch\u00e9 de Luxembourg d\u00e9clare qu\u2019il appliquera l\u2019int\u00e9gralit\u00e9 de la Variante A de l\u2019article XI et que la p\u00e9riode d\u2019attente aux fins de l\u2019article XI(3) est de 60 jours.<\/p>\n<p>&nbsp;<\/p>\n<p style=\"text-align: center;\">*<\/p>\n<p style=\"text-align: center;\">*\u00a0\u00a0\u00a0\u00a0 *<\/p>\n<p style=\"text-align: center;\"><a href=\"https:\/\/www.unidroit.org\/fr\/instruments\/garanties-internationales\/convention-du-cap\/etats-parties\/d-luxembourg-ct\/\">D\u00e9clarations d\u00e9pos\u00e9es par le Grand-Duch\u00e9 de Luxembourg en vertu de la Convention du Cap<\/a><\/p>\n<p style=\"text-align: center;\">\n<p>[\/vc_column_text][\/vc_column][\/vc_row][vc_row][vc_column][vc_empty_space height=&#8221;10px&#8221;][\/vc_column][\/vc_row]<\/p>\n<\/div>","protected":false},"excerpt":{"rendered":"<p>[vc_row][vc_column css=&#8221;.vc_custom_1490017614850{margin-bottom: 30px !important;}&#8221;][vc_custom_heading text=&#8221;D&#8221; font_container=&#8221;tag:h1|text_align:left&#8221; use_theme_fonts=&#8221;yes&#8221; css=&#8221;.vc_custom_1625938548065{margin-top: 0px !important;margin-bottom: 20px !important;}&#8221;][vc_custom_heading text=&#8221;D\u00c9CLARATIONS D\u00c9POS\u00c9ES PAR LE GOUVERNEMENT DU GRAND-DUCH\u00c9 DE LUXEMBOURG EN VERTU DU PROTOCOLE A\u00c9RONAUTIQUE AU MOMENT DU DEP\u00d4T DE SON INSTRUMENT DE RATIFICATION&#8221; font_container=&#8221;tag:h4|text_align:left&#8221; use_theme_fonts=&#8221;yes&#8221;][\/vc_column][\/vc_row][vc_row css=&#8221;.vc_custom_1622455036974{background-color: #f2f2f2 !important;}&#8221;][vc_column css=&#8221;.vc_custom_1490017614850{margin-bottom: 30px !important;}&#8221;][vc_column_text] D\u00c9CLARATIONS D\u00c9POS\u00c9ES&nbsp;<a href=\"https:\/\/www.unidroit.org\/fr\/instruments\/garanties-internationales\/protocole-aeronautique\/etat\/d-luxembourg\/\">&hellip;<\/a><\/p>\n","protected":false},"author":19,"featured_media":0,"parent":7387,"menu_order":0,"comment_status":"closed","ping_status":"closed","template":"","meta":{"ep_exclude_from_search":false,"footnotes":""},"class_list":["post-12673","page","type-page","status-publish","format-standard","hentry","odd"],"_links":{"self":[{"href":"https:\/\/www.unidroit.org\/fr\/wp-json\/wp\/v2\/pages\/12673","targetHints":{"allow":["GET"]}}],"collection":[{"href":"https:\/\/www.unidroit.org\/fr\/wp-json\/wp\/v2\/pages"}],"about":[{"href":"https:\/\/www.unidroit.org\/fr\/wp-json\/wp\/v2\/types\/page"}],"author":[{"embeddable":true,"href":"https:\/\/www.unidroit.org\/fr\/wp-json\/wp\/v2\/users\/19"}],"replies":[{"embeddable":true,"href":"https:\/\/www.unidroit.org\/fr\/wp-json\/wp\/v2\/comments?post=12673"}],"version-history":[{"count":0,"href":"https:\/\/www.unidroit.org\/fr\/wp-json\/wp\/v2\/pages\/12673\/revisions"}],"up":[{"embeddable":true,"href":"https:\/\/www.unidroit.org\/fr\/wp-json\/wp\/v2\/pages\/7387"}],"wp:attachment":[{"href":"https:\/\/www.unidroit.org\/fr\/wp-json\/wp\/v2\/media?parent=12673"}],"curies":[{"name":"wp","href":"https:\/\/api.w.org\/{rel}","templated":true}]}}