{"id":17040,"date":"2022-09-19T17:02:41","date_gmt":"2022-09-19T15:02:41","guid":{"rendered":"https:\/\/www.unidroit.org\/?page_id=17040"},"modified":"2022-09-19T17:02:41","modified_gmt":"2022-09-19T15:02:41","slug":"d","status":"publish","type":"page","link":"https:\/\/www.unidroit.org\/fr\/instruments\/garanties-internationales\/protocole-mac\/etat\/d\/","title":{"rendered":"D"},"content":{"rendered":"<div class=\"wpb-content-wrapper\"><p>[vc_row][vc_column css=&#8221;.vc_custom_1490017614850{margin-bottom: 30px !important;}&#8221;][vc_custom_heading text=&#8221;D&#8221; font_container=&#8221;tag:h1|text_align:left&#8221; use_theme_fonts=&#8221;yes&#8221; css=&#8221;.vc_custom_1625938548065{margin-top: 0px !important;margin-bottom: 20px !important;}&#8221;][vc_custom_heading text=&#8221;D\u00c9CLARATION D\u00c9POS\u00c9E PAR L&#8217;UNION EUROP\u00c9ENNE AU MOMENT DE LA SIGNATURE DU PROTOCOLE MAC<br \/>\n&#8221; font_container=&#8221;tag:h4|text_align:left&#8221; use_theme_fonts=&#8221;yes&#8221;][\/vc_column][\/vc_row][vc_row css=&#8221;.vc_custom_1622455036974{background-color: #f2f2f2 !important;}&#8221;][vc_column css=&#8221;.vc_custom_1490017614850{margin-bottom: 30px !important;}&#8221;][vc_column_text]<\/p>\n<p style=\"text-align: center;\"><strong>D\u00c9CLARATION<br \/>\nD\u00c9POS\u00c9E PAR L&#8217;UNION EUROP\u00c9ENNE AU MOMENT DE LA SIGNATURE DU PROTOCOLE MAC<\/strong><\/p>\n<p>&nbsp;<\/p>\n<p>&nbsp;<\/p>\n<p style=\"text-align: justify;\"><strong>D\u00e9claration pr\u00e9sent\u00e9e en vertu de l&#8217;article XXIV, paragraphe 2, concernant la comp\u00e9tence de l&#8217;Union europ\u00e9enne sur les mati\u00e8res r\u00e9gies par le protocole portant sur les questions sp\u00e9cifiques aux mat\u00e9riels d&#8217;\u00e9quipement miniers, agricoles et de construction \u00e0 la convention relative aux garanties internationales portant sur des mat\u00e9riels d&#8217;\u00e9quipement mobiles (protocole MAC), adopt\u00e9 \u00e0 Pretoria le 22 novembre 2019, pour lesquelles les \u00c9tats membres ont transf\u00e9r\u00e9 leur comp\u00e9tence \u00e0 l&#8217;Union europ\u00e9enne <\/strong><\/p>\n<p>&nbsp;<\/p>\n<p style=\"text-align: justify;\">1. Le protocole MAC dispose, \u00e0 son article XXIV, paragraphe 1, que les organisations r\u00e9gionales d&#8217;int\u00e9gration \u00e9conomique constitu\u00e9es par des \u00c9tats souverains et ayant comp\u00e9tence sur certaines mati\u00e8res r\u00e9gies par le protocole MAC peuvent le signer, sous r\u00e9serve de proc\u00e9der \u00e0 la d\u00e9claration pr\u00e9vue au paragraphe 2 dudit article. L&#8217;Union europ\u00e9enne a d\u00e9cid\u00e9 de signer le protocole MAC et proc\u00e8de \u00e0 cette d\u00e9claration.<\/p>\n<p>&nbsp;<\/p>\n<p style=\"text-align: justify;\">2. Les membres actuels de l&#8217;Union europ\u00e9enne sont le Royaume de Belgique, la R\u00e9publique de Bulgarie, la R\u00e9publique tch\u00e8que, le Royaume de Danemark, la R\u00e9publique f\u00e9d\u00e9rale d&#8217;Allemagne, la R\u00e9publique d&#8217;Estonie, l&#8217;Irlande, la R\u00e9publique hell\u00e9nique, le Royaume d&#8217;Espagne, la R\u00e9publique fran\u00e7aise, la R\u00e9publique de Croatie, la R\u00e9publique italienne, la R\u00e9publique de Chypre, la R\u00e9publique de Lettonie, la R\u00e9publique de Lituanie, le Grand\u2011Duch\u00e9 de Luxembourg, la Hongrie, la R\u00e9publique de Malte, le Royaume des Pays\u2011Bas, la R\u00e9publique d&#8217;Autriche, la R\u00e9publique de Pologne, la R\u00e9publique portugaise, la Roumanie, la R\u00e9publique de Slov\u00e9nie, la R\u00e9publique slovaque, la R\u00e9publique de Finlande et le Royaume de Su\u00e8de.<\/p>\n<p>&nbsp;<\/p>\n<p style=\"text-align: justify;\">3. Toutefois, la pr\u00e9sente d\u00e9claration ne s&#8217;applique pas au Royaume de Danemark conform\u00e9ment aux articles 1<sup>er<\/sup> et 2 du protocole n\u00b0\u00a022 sur la position du Danemark, annex\u00e9 au trait\u00e9 sur l&#8217;Union europ\u00e9enne et au trait\u00e9 sur le fonctionnement de l&#8217;Union europ\u00e9enne.<\/p>\n<p>&nbsp;<\/p>\n<p style=\"text-align: justify;\">4. La pr\u00e9sente d\u00e9claration n&#8217;est pas applicable aux territoires des \u00c9tats membres auxquels le trait\u00e9 sur le fonctionnement de l&#8217;Union europ\u00e9enne ne s&#8217;applique pas et ne pr\u00e9juge pas des mesures ou positions qui peuvent \u00eatre adopt\u00e9es en vertu du protocole MAC par les \u00c9tats membres concern\u00e9s au nom et dans l&#8217;int\u00e9r\u00eat de ces territoires.<\/p>\n<p>&nbsp;<\/p>\n<p style=\"text-align: justify;\">5. En ce qui concerne les mati\u00e8res r\u00e9gies par le protocole MAC, l&#8217;Union europ\u00e9enne a exerc\u00e9 sa comp\u00e9tence en adoptant le r\u00e8glement (UE) n\u00b0 1215\/2012 du Parlement europ\u00e9en et du Conseil du 12 d\u00e9cembre 2012 concernant la comp\u00e9tence judiciaire, la reconnaissance et l&#8217;ex\u00e9cution des d\u00e9cisions en mati\u00e8re civile et commerciale<a href=\"#_ftn1\" name=\"_ftnref1\">[1]<\/a> (Article IX du protocole MAC &#8220;Modification des dispositions relatives aux mesures provisoires&#8221;), le r\u00e8glement (UE) 2015\/848 du Parlement europ\u00e9en et du Conseil du 20 mai 2015 relatif aux proc\u00e9dures d&#8217;insolvabilit\u00e9<a href=\"#_ftn2\" name=\"_ftnref2\">[2]<\/a> (article X du protocole MAC &#8220;Mesures en cas d&#8217;insolvabilit\u00e9&#8221; et article XI du protocole MAC &#8220;Assistance en cas d&#8217;insolvabilit\u00e9&#8221;) et le r\u00e8glement (CE) n\u00b0\u00a0593\/2008 du 17 juin 2008 sur la loi applicable aux obligations contractuelles (Rome I)<a href=\"#_ftn3\" name=\"_ftnref3\">[3]<\/a> (Article VI du protocole MAC &#8220;Choix de la loi applicable&#8221;).<\/p>\n<p>&nbsp;<\/p>\n<p style=\"text-align: justify;\">6. La comp\u00e9tence de l&#8217;Union europ\u00e9enne en vertu du trait\u00e9 sur l&#8217;Union europ\u00e9enne et du trait\u00e9 sur le fonctionnement de l&#8217;Union europ\u00e9enne est, par nature, susceptible d&#8217;\u00e9voluer en permanence. Dans le cadre des trait\u00e9s, les institutions comp\u00e9tentes peuvent prendre des d\u00e9cisions qui d\u00e9terminent l&#8217;\u00e9tendue de la comp\u00e9tence de l&#8217;Union europ\u00e9enne. Cette derni\u00e8re se r\u00e9serve donc le droit de modifier la pr\u00e9sente d\u00e9claration en cons\u00e9quence, sans que cela ne constitue une condition pr\u00e9alable \u00e0 l&#8217;exercice de sa comp\u00e9tence en ce qui concerne les mati\u00e8res r\u00e9gies par le protocole MAC.<\/p>\n<p>&nbsp;<\/p>\n<p>&nbsp;<\/p>\n<p>____________________<\/p>\n<p><a href=\"#_ftnref1\" name=\"_ftn1\">[1]<\/a>\u00a0\u00a0\u00a0\u00a0\u00a0\u00a0\u00a0\u00a0\u00a0\u00a0 JO L 351 du 20.12.2012, p. 1.<br \/>\n<a href=\"#_ftnref2\" name=\"_ftn2\">[2]<\/a>\u00a0\u00a0\u00a0\u00a0\u00a0\u00a0\u00a0\u00a0\u00a0\u00a0 JO L 141 du 5.6.2015, p. 19.<br \/>\n<a href=\"#_ftnref3\" name=\"_ftn3\">[3]<\/a>\u00a0\u00a0\u00a0\u00a0\u00a0\u00a0\u00a0\u00a0\u00a0\u00a0 JO L 177 du 4.7.2008, p. 6.<\/p>\n<\/div>","protected":false},"excerpt":{"rendered":"<p>[vc_row][vc_column css=&#8221;.vc_custom_1490017614850{margin-bottom: 30px !important;}&#8221;][vc_custom_heading text=&#8221;D&#8221; font_container=&#8221;tag:h1|text_align:left&#8221; use_theme_fonts=&#8221;yes&#8221; css=&#8221;.vc_custom_1625938548065{margin-top: 0px !important;margin-bottom: 20px !important;}&#8221;][vc_custom_heading text=&#8221;D\u00c9CLARATION D\u00c9POS\u00c9E PAR L&#8217;UNION EUROP\u00c9ENNE AU MOMENT DE LA SIGNATURE DU PROTOCOLE MAC &#8221; font_container=&#8221;tag:h4|text_align:left&#8221; use_theme_fonts=&#8221;yes&#8221;][\/vc_column][\/vc_row][vc_row css=&#8221;.vc_custom_1622455036974{background-color: #f2f2f2 !important;}&#8221;][vc_column css=&#8221;.vc_custom_1490017614850{margin-bottom: 30px !important;}&#8221;][vc_column_text] D\u00c9CLARATION D\u00c9POS\u00c9E PAR L&#8217;UNION EUROP\u00c9ENNE AU MOMENT DE LA SIGNATURE DU&nbsp;<a href=\"https:\/\/www.unidroit.org\/fr\/instruments\/garanties-internationales\/protocole-mac\/etat\/d\/\">&hellip;<\/a><\/p>\n","protected":false},"author":19,"featured_media":0,"parent":8480,"menu_order":0,"comment_status":"closed","ping_status":"closed","template":"","meta":{"ep_exclude_from_search":false,"footnotes":""},"class_list":["post-17040","page","type-page","status-publish","format-standard","hentry","odd"],"_links":{"self":[{"href":"https:\/\/www.unidroit.org\/fr\/wp-json\/wp\/v2\/pages\/17040","targetHints":{"allow":["GET"]}}],"collection":[{"href":"https:\/\/www.unidroit.org\/fr\/wp-json\/wp\/v2\/pages"}],"about":[{"href":"https:\/\/www.unidroit.org\/fr\/wp-json\/wp\/v2\/types\/page"}],"author":[{"embeddable":true,"href":"https:\/\/www.unidroit.org\/fr\/wp-json\/wp\/v2\/users\/19"}],"replies":[{"embeddable":true,"href":"https:\/\/www.unidroit.org\/fr\/wp-json\/wp\/v2\/comments?post=17040"}],"version-history":[{"count":0,"href":"https:\/\/www.unidroit.org\/fr\/wp-json\/wp\/v2\/pages\/17040\/revisions"}],"up":[{"embeddable":true,"href":"https:\/\/www.unidroit.org\/fr\/wp-json\/wp\/v2\/pages\/8480"}],"wp:attachment":[{"href":"https:\/\/www.unidroit.org\/fr\/wp-json\/wp\/v2\/media?parent=17040"}],"curies":[{"name":"wp","href":"https:\/\/api.w.org\/{rel}","templated":true}]}}