{"id":22523,"date":"2023-07-31T12:45:32","date_gmt":"2023-07-31T10:45:32","guid":{"rendered":"https:\/\/www.unidroit.org\/?page_id=22523"},"modified":"2025-03-03T11:27:13","modified_gmt":"2025-03-03T10:27:13","slug":"tribunal-administratif","status":"publish","type":"page","link":"https:\/\/www.unidroit.org\/fr\/tribunal-administratif\/","title":{"rendered":"Tribunal administratif"},"content":{"rendered":"<p style=\"text-align: center;\"><strong>TRIBUNAL ADMINISTRATIF<\/strong><\/p>\n<p>&nbsp;<\/p>\n<p>&nbsp;<\/p>\n<p style=\"text-align: justify;\">Conform\u00e9ment au Statut organique d\u2019UNIDROIT, le Tribunal Administratif est un organe de l\u2019Institut.<\/p>\n<p style=\"text-align: justify;\">Conform\u00e9ment \u00e0 l\u2019article 7bis du Statut d\u2019UNIDROIT, le Tribunal Administratif a pour comp\u00e9tence de traiter les litiges entre l\u2019Institut et ses fonctionnaires, employ\u00e9s ou leurs b\u00e9n\u00e9ficiaires, concernant principalement l\u2019interpr\u00e9tation ou l\u2019application du R\u00e8glement du personnel. Tout diff\u00e9rend r\u00e9sultant de relations contractuelles entre l\u2019Institut et des tiers sera soumis \u00e0 ce Tribunal, \u00e0 condition que sa comp\u00e9tence soit express\u00e9ment reconnue par les parties dans le contrat donnant lieu au litige.<\/p>\n<p style=\"text-align: justify;\">Le Tribunal est compos\u00e9 de trois membres titulaires et d\u2019un membre suppl\u00e9ant, choisis en dehors de l\u2019Institut, et appartenant, de pr\u00e9f\u00e9rence, \u00e0 des nationalit\u00e9s diff\u00e9rentes. Ils sont \u00e9lus par l\u2019Assembl\u00e9e G\u00e9n\u00e9rale pour la dur\u00e9e de cinq ans.<\/p>\n<p style=\"text-align: justify;\">Les d\u00e9cisions du Tribunal, qui sont d\u00e9finitives et sans appel, sont prises en appliquant les dispositions du Statut, du R\u00e8glement et des principes g\u00e9n\u00e9raux du droit. En outre, il peut statuer <em>ex aequo et bono<\/em> si un accord entre les parties l\u2019y autorise.<\/p>\n<p style=\"text-align: justify;\">Le Pr\u00e9sident du Tribunal peut statuer lui-m\u00eame sur les diff\u00e9rends mineurs entre l\u2019Institut et ses fonctionnaires ou employ\u00e9s ou d\u00e9l\u00e9guer la d\u00e9cision \u00e0 un seul juge du Tribunal.<\/p>\n<p style=\"text-align: justify;\">Le <strong>R\u00e8glement<\/strong> du Tribunal Administratif est disponible <a href=\"https:\/\/www.unidroit.org\/wp-content\/uploads\/2023\/07\/AT-Regulations-fr.pdf\">ici<\/a><\/p>\n<p>&nbsp;<\/p>\n<p>&nbsp;<\/p>\n<p style=\"text-align: center;\"><strong><em>Composition du Tribunal Administratif<\/em><\/strong> (2025 \u2013 2030)<\/p>\n<p>Lors de sa 84<sup>\u00e8me<\/sup> session, l\u2019Assembl\u00e9e G\u00e9n\u00e9rale a nomm\u00e9 les membres suivants:<\/p>\n<p>&nbsp;<\/p>\n<p><strong>MEMBRES TITULAIRES<\/strong><\/p>\n<ul>\n<li><a href=\"https:\/\/www.unidroit.org\/wp-content\/uploads\/2025\/02\/Kaufmann-Kohler.pdf\">Gabrielle Kaufmann-Kohler<\/a><\/li>\n<li><a href=\"https:\/\/www.unidroit.org\/wp-content\/uploads\/2025\/02\/Valdecasas.pdf\">Rafael Garc\u00eda Valdecasas<\/a><\/li>\n<li><a href=\"https:\/\/www.unidroit.org\/wp-content\/uploads\/2025\/02\/Tosato.pdf\">Gianluigi Tosato<\/a><\/li>\n<\/ul>\n<p>&nbsp;<\/p>\n<p><strong>MEMBRE SUPPL\u00c9ANT<\/strong><\/p>\n<ul>\n<li><a href=\"https:\/\/www.unidroit.org\/wp-content\/uploads\/2025\/02\/Kinnear.pdf\">Meg Kinnear<\/a><\/li>\n<\/ul>\n","protected":false},"excerpt":{"rendered":"<p>TRIBUNAL ADMINISTRATIF &nbsp; &nbsp; Conform\u00e9ment au Statut organique d\u2019UNIDROIT, le Tribunal Administratif est un organe de l\u2019Institut. Conform\u00e9ment \u00e0 l\u2019article 7bis du Statut d\u2019UNIDROIT, le Tribunal Administratif a pour comp\u00e9tence de traiter les litiges entre l\u2019Institut et ses fonctionnaires, employ\u00e9s ou leurs b\u00e9n\u00e9ficiaires, concernant principalement&nbsp;<a href=\"https:\/\/www.unidroit.org\/fr\/tribunal-administratif\/\">&hellip;<\/a><\/p>\n","protected":false},"author":20,"featured_media":0,"parent":0,"menu_order":0,"comment_status":"closed","ping_status":"closed","template":"","meta":{"ep_exclude_from_search":false,"footnotes":""},"class_list":["post-22523","page","type-page","status-publish","format-standard","hentry","odd"],"_links":{"self":[{"href":"https:\/\/www.unidroit.org\/fr\/wp-json\/wp\/v2\/pages\/22523","targetHints":{"allow":["GET"]}}],"collection":[{"href":"https:\/\/www.unidroit.org\/fr\/wp-json\/wp\/v2\/pages"}],"about":[{"href":"https:\/\/www.unidroit.org\/fr\/wp-json\/wp\/v2\/types\/page"}],"author":[{"embeddable":true,"href":"https:\/\/www.unidroit.org\/fr\/wp-json\/wp\/v2\/users\/20"}],"replies":[{"embeddable":true,"href":"https:\/\/www.unidroit.org\/fr\/wp-json\/wp\/v2\/comments?post=22523"}],"version-history":[{"count":2,"href":"https:\/\/www.unidroit.org\/fr\/wp-json\/wp\/v2\/pages\/22523\/revisions"}],"predecessor-version":[{"id":31423,"href":"https:\/\/www.unidroit.org\/fr\/wp-json\/wp\/v2\/pages\/22523\/revisions\/31423"}],"wp:attachment":[{"href":"https:\/\/www.unidroit.org\/fr\/wp-json\/wp\/v2\/media?parent=22523"}],"curies":[{"name":"wp","href":"https:\/\/api.w.org\/{rel}","templated":true}]}}