{"id":23175,"date":"2023-09-28T19:33:54","date_gmt":"2023-09-28T17:33:54","guid":{"rendered":"https:\/\/www.unidroit.org\/?page_id=23175"},"modified":"2025-02-07T12:40:09","modified_gmt":"2025-02-07T11:40:09","slug":"travaux-preparatoires","status":"publish","type":"page","link":"https:\/\/www.unidroit.org\/fr\/instruments\/actifs-numeriques-et-droit-prive\/travaux-preparatoires\/","title":{"rendered":"Travaux pr\u00e9paratoires"},"content":{"rendered":"<div class=\"wpb-content-wrapper\"><p>[vc_row][vc_column][\/vc_column][\/vc_row][vc_row][vc_column][vc_custom_heading text=&#8221;TRAVAUX PR\u00c9PARATOIRES&#8221; font_container=&#8221;tag:h1|text_align:left&#8221; use_theme_fonts=&#8221;yes&#8221;][vc_custom_heading text=&#8221;\u00c9TUDE LXXXII &#8211; PROJET SUR LES ACTIFS NUM\u00c9RIQUES ET LE DROIT PRIV\u00c9&#8221; font_container=&#8221;tag:h4|text_align:left&#8221; use_theme_fonts=&#8221;yes&#8221;][vc_column_text][\/vc_column_text][\/vc_column][\/vc_row][vc_row][vc_column][vc_tta_accordion][vc_tta_section title=&#8221;HISTORIQUE&#8221; tab_id=&#8221;1738923573761-c6b9c112-caa6&#8243;][vc_column_text css=&#8221;&#8221;]<\/p>\n<p style=\"text-align: justify;\">En 2015, UNIDROIT a re\u00e7u une proposition du minist\u00e8re de la Justice de Hongrie proposant l\u2019\u00e9laboration de lois types dans le domaine de \u201cl\u2019informatique de gestion\u201d. Cette proposition a \u00e9t\u00e9 suivie par une proposition conjointe du Minist\u00e8re de l&#8217;industrie et du commerce de la R\u00e9publique tch\u00e8que en 2016 et 2018, sugg\u00e9rant qu\u2019UNIDROIT inclue des sujets relatifs \u00e0 la technologie des registres distribu\u00e9s (y compris la blockchain) et \u00e0 la transmission des actifs num\u00e9riques dans le Programme de travail 2020-2022.<\/p>\n<p style=\"text-align: justify;\">Une proposition similaire relative aux aspects juridiques des contrats intelligents et de l\u2019intelligence artificielle a \u00e9t\u00e9 pr\u00e9sent\u00e9e \u00e0 la CNUDCI, et il a \u00e9t\u00e9 d\u00e9cid\u00e9 que les deux organisations exploreraient ces domaines et identifieraient des domaines sp\u00e9cifiques dans lesquels des travaux pourraient \u00eatre entrepris. \u00c0 cette fin, la CNUDCI et UNIDROIT ont organis\u00e9 deux ateliers conjoints, respectivement en mai 2019 et en mars 2020. L\u2019Assembl\u00e9e G\u00e9n\u00e9rale d\u2019UNIDROIT, lors de sa 78<sup>\u00e8me<\/sup> session en d\u00e9cembre 2019, a approuv\u00e9 l\u2019inclusion d\u2019un projet portant sur l\u2019intelligence artificielle, les contrats intelligents et la technologie des registres distribu\u00e9s dans le Programme de travail triennal 2020-2022 d\u2019UNIDROIT avec un degr\u00e9 de priorit\u00e9 moyenne. Conform\u00e9ment au mandat re\u00e7u, le Secr\u00e9tariat a r\u00e9duit la port\u00e9e du projet et a pr\u00e9sent\u00e9 la proposition ax\u00e9e sur les actifs num\u00e9riques et le droit priv\u00e9. Le Conseil de Direction d\u2019UNIDROIT, lors de sa 99<sup>\u00e8me<\/sup> session en septembre 2020, a approuv\u00e9 le projet pour le Programme de travail triennal 2020-2022 en tant que projet hautement prioritaire.<\/p>\n<p>[\/vc_column_text][\/vc_tta_section][vc_tta_section title=&#8221;GROUPE DE TRAVAIL EXPLORATOIRE ET ATELIER&#8221; tab_id=&#8221;1738923573771-539bfc11-5131&#8243;][vc_column_text css=&#8221;&#8221;]<\/p>\n<p style=\"text-align: justify;\">Sur la base des commentaires du Conseil de Direction, et conform\u00e9ment au mandat re\u00e7u de celui-ci, le Secr\u00e9tariat a cr\u00e9\u00e9 un Groupe de travail exploratoire, pr\u00e9sid\u00e9 par le Professeur Hideki Kanda. Le Groupe a tenu cinq r\u00e9unions entre juillet et septembre 2020 et a pr\u00e9par\u00e9 un document de travail pr\u00e9liminaire qui a servi de base au document de travail que le Groupe de travail officiellement constitu\u00e9 pour ce projet allait examiner.<\/p>\n<p style=\"text-align: justify;\">Le Secr\u00e9tariat d\u2019UNIDROIT, avec l\u2019aide du Groupe de travail exploratoire, a organis\u00e9 un\u00a0\u00a0<a href=\"https:\/\/www.unidroit.org\/fr\/atelier-exploratoire-dunidroit-sur-les-actifs-numeriques-et-le-droit-prive\/\">Atelier exploratoire sur les actifs num\u00e9riques et le droit priv\u00e9<\/a> les 17 et 18 septembre 2020 en format hybride, avant la deuxi\u00e8me r\u00e9union de la 99<sup>\u00e8me<\/sup>\u00a0session du Conseil de Direction. L\u2019Atelier exploratoire a pr\u00e9sent\u00e9 un aper\u00e7u des questions identifi\u00e9es par le Groupe de travail exploratoire et a sollicit\u00e9 la contribution d\u2019experts. Ses r\u00e9sultats ont contribu\u00e9 \u00e0 la r\u00e9daction du document final pr\u00e9par\u00e9 pour la premi\u00e8re r\u00e9union du Groupe de travail, qui s\u2019est tenue du 17 au 19 novembre 2020.<\/p>\n<p>[\/vc_column_text][\/vc_tta_section][vc_tta_section title=&#8221;GROUPE DE TRAVAIL SUR LES ACTIFS NUM\u00c9RIQUES ET DROIT PRIV\u00c9&#8221; tab_id=&#8221;1738925410575-d82d3af3-58de&#8221;][vc_column_text css=&#8221;&#8221;]<\/p>\n<p style=\"text-align: justify;\">Conform\u00e9ment \u00e0 la m\u00e9thodologie adopt\u00e9e par l\u2019Institut, un\u00a0Groupe de travail\u00a0a \u00e9t\u00e9 constitu\u00e9, compos\u00e9 d\u2019experts juridiques internationaux et d\u2019observateurs repr\u00e9sentant diff\u00e9rents syst\u00e8mes juridiques et ayant des comp\u00e9tences dans un certain nombre de domaines tels que le droit de propri\u00e9t\u00e9, les op\u00e9rations garanties et la technologie num\u00e9rique.<\/p>\n<p style=\"text-align: justify;\">Le Groupe de travail \u00e9tait compos\u00e9 comme suit:<\/p>\n<ul style=\"text-align: justify;\">\n<li>Hideki Kanda, Professeur, Universit\u00e9 Gakushuin (Japon) (Pr\u00e9sident)<\/li>\n<li>Jason Grant Allen, Chercheur principal, Humboldt University of Berlin (Australie)<\/li>\n<li>Reghard Brits, Professeur, Universit\u00e9 de Pr\u00e9toria (Afrique du Sud)<\/li>\n<li>Marek Dubovec, Director of Law Reform Programs, International Law Institute (ILI) (\u00c9tats-Unis d\u2019Am\u00e9rique)<\/li>\n<li>David Fox, Professeur, Universit\u00e9 d\u2019Edimbourg (Royaume-Uni)<\/li>\n<li>Louise Gullifer, Professeure, Universit\u00e9 de Cambridge (Royaume-Uni)<\/li>\n<li>Matthias Haentjens, Professeur de droit priv\u00e9, Universit\u00e9 de Leyde (Pays-Bas)<\/li>\n<li>Hannah Yee-Fen Lim, Professeur, Universit\u00e9 de technologie Nanyang, Singapour (Australie)<\/li>\n<li>Charles Mooney, Professeur, Universit\u00e9 de Pennsylvanie (\u00c9tats-Unis d\u2019Am\u00e9rique)<\/li>\n<li>Philipp Paech, Professeur agr\u00e9g\u00e9, LSE (Allemagne)<\/li>\n<li>Carla Reyes, Professeure, Southern Methodist University (\u00c9tats-Unis d\u2019Am\u00e9rique)<\/li>\n<li>Nina-Luisa Siedler, Associ\u00e9e, DWF (Allemagne)<\/li>\n<li>Luc Th\u00e9venoz, Professeur, Universit\u00e9 de Gen\u00e8ve (Suisse)<\/li>\n<li>Jeffrey Wool, Chercheur principal, Harris Manchester College, Universit\u00e9 d\u2019Oxford (\u00c9tats-Unis d\u2019Am\u00e9rique)<\/li>\n<li>Mimi Zou, charg\u00e9e de recherche, Universit\u00e9 d\u2019Oxford (R\u00e9publique Populaire de Chine)<\/li>\n<\/ul>\n<p style=\"text-align: justify;\">Aux c\u00f4t\u00e9s de ces experts, plusieurs organisation priv\u00e9es, r\u00e9gionales et internationales avec des comp\u00e9tences interdisciplinaires dans le domaine des actifs num\u00e9riques et du droit priv\u00e9 ont \u00e9t\u00e9, ou pourraient \u00eatre, invit\u00e9es \u00e0 participer en tant qu\u2019observateurs au sein du Groupe de travail en vue d\u2019assister \u00e0 l\u2019adoption et \u00e0 la mise en oeuvre du document d\u2019orientation une fois adopt\u00e9:<\/p>\n<ul style=\"text-align: justify;\">\n<li>Le Groupe de la Banque mondiale<\/li>\n<li>La Commission des Nations Unies pour le droit commercial international (CNUDCI)<\/li>\n<li>La Conf\u00e9rence de La Haye de droit international priv\u00e9 (HCCH)<\/li>\n<li>Le Fonds mon\u00e9taire international (FMI)<\/li>\n<li>L\u2019Association Internationale des Sciences Juridiques\u202f(AISJ)<\/li>\n<li>L\u2019Union internationale des Huissiers de Justice (UIHJ)<\/li>\n<li>La Banque centrale europ\u00e9enne (BCE)<\/li>\n<li>L\u2019Autorit\u00e9 bancaire europ\u00e9enne (ABE)<\/li>\n<li>The European Banking Institute (EBI)<\/li>\n<li>Asociaci\u00f3n Americana De Derecho Internacional Privado\u202f(ASADIP)<\/li>\n<li>The American Law Institute (ALI)<\/li>\n<li>Institut europ\u00e9en du droit (ELI)<\/li>\n<li>La Banque centrale italienne (Banca d\u2019Italia)<\/li>\n<li>Kozolchyk National Law Center (NatLaw)<\/li>\n<li>Law Commission of England and Wales<\/li>\n<li>The Uniform Law Commission (ULC)<\/li>\n<li>Istituto per la vigilanza sulle assicurazioni (IVASS) l\u2019Autorit\u00e9 italienne de surveillance du secteur de l\u2019assurance<\/li>\n<li>Commission italienne des op\u00e9rations de Bourse (CONSOB)<\/li>\n<\/ul>\n<p style=\"text-align: justify;\">Enfin, UNIDROIT pourrait \u00e9galement inviter des associations du secteur priv\u00e9 \u00e0 participer en tant qu\u2019observateurs au Groupe de travail afin de s\u2019assurer que le document d\u2019orientation r\u00e9ponde aux besoins du secteur priv\u00e9. Elles contribueront \u00e9galement \u00e0 promouvoir la mise en \u0153uvre et l\u2019utilisation du document d\u2019orientation. L\u2019association du secteur priv\u00e9 suivante a \u00e9t\u00e9 invit\u00e9e \u00e0 participer en tant qu\u2019observateur au Groupe de travail, mais d\u2019autres peuvent \u00eatre invit\u00e9es:<\/p>\n<p style=\"text-align: justify;\">The International Swaps and Derivatives Association (ISDA)<\/p>\n<p style=\"text-align: justify;\">Outre le Groupe de travail, un Comit\u00e9 pilote compos\u00e9 d\u2019experts gouvernementaux et techniques observera et assistera le Groupe de travail dans ses travaux.<\/p>\n<p>[\/vc_column_text][\/vc_tta_section][vc_tta_section title=&#8221;R\u00c9UNIONS DU GROUPE DE TRAVAIL&#8221; tab_id=&#8221;1738926754296-00d365ed-b591&#8243;][vc_column_text css=&#8221;&#8221;]<strong>1<sup>\u00e8re<\/sup>\u00a0r\u00e9union du Groupe de travail<\/strong><\/p>\n<p style=\"text-align: justify;\">La premi\u00e8re r\u00e9union du Groupe de travail hybride a eu lieu du 17 au 19 novembre 2020.<\/p>\n<ul>\n<li><a href=\"https:\/\/www.unidroit.org\/english\/documents\/2020\/study82\/wg01\/s-82-wg01-01-e.pdf\">Study LXXXII \u2013 W.G.1 \u2013 Doc. 1 :<\/a>\u00a0Annotated agenda<\/li>\n<li><a href=\"https:\/\/www.unidroit.org\/english\/documents\/2020\/study82\/wg01\/s-82-wg01-02-e.pdf\">Study LXXXII \u2013 W.G.1 \u2013 Doc. 2 :<\/a>\u00a0Issues Paper<\/li>\n<li><a href=\"https:\/\/www.unidroit.org\/english\/documents\/2021\/study82\/wg01\/s-82-wg01-03-e.pdf\">Study LXXXII \u2013 W.G.1 \u2013 Doc. 3<\/a>\u00a0: Summary Report of the<br \/>\nExploratory Workshop (17 &#8211; 18 September 2020)<\/li>\n<li><a href=\"https:\/\/www.unidroit.org\/english\/documents\/2021\/study82\/wg01\/s-82-wg01-04-e.pdf\">Study LXXXII \u2013 W.G.1 \u2013 Doc. 4<\/a>\u00a0: Summary Report of the 1<sup>st<\/sup> session<\/li>\n<\/ul>\n<p>&nbsp;<\/p>\n<p><strong>2<sup>\u00e8me<\/sup>\u00a0r\u00e9union du Groupe de travail<\/strong><\/p>\n<p style=\"text-align: justify;\">La deuxi\u00e8me r\u00e9union du Groupe de travail hybride a eu lieu du 16 au 18 mars 2021.<\/p>\n<ul>\n<li><a href=\"https:\/\/www.unidroit.org\/english\/documents\/2021\/study82\/wg02\/s-82-wg02-01-e.pdf\">Study LXXXII \u2013 W.G.2 \u2013 Doc. 1<\/a>: Annotated agenda<\/li>\n<li><a href=\"https:\/\/www.unidroit.org\/english\/documents\/2021\/study82\/wg02\/s-82-wg02-02rev-01-e.pdf\">Study LXXXII \u2013 W.G.2 \u2013 Doc. 2<\/a>: Revised Issues Paper (rev. 1)<\/li>\n<li><a href=\"https:\/\/www.unidroit.org\/english\/documents\/2021\/study82\/wg02\/s-82-wg02-03-e.pdf\">Study LXXXII &#8211; W.G.2 &#8211; Doc. 3:<\/a>\u00a0Summary Report of the 2<sup>nd<\/sup> session<\/li>\n<\/ul>\n<p>&nbsp;<\/p>\n<p><strong>3<sup>\u00e8me<\/sup>\u00a0r\u00e9union du Groupe de travail<\/strong><\/p>\n<p style=\"text-align: justify;\">La troisi\u00e8me r\u00e9union du Groupe de travail hybride a eu lieu du 30 juin au 2 juillet 2021.<\/p>\n<ul>\n<li><a href=\"https:\/\/www.unidroit.org\/english\/documents\/2021\/study82\/wg03\/s-82-wg03-01-rev01-e.pdf\">Study LXXXII \u2013 W.G.3 \u2013 Doc. 1<\/a>: Annotated agenda (rev. 1)<\/li>\n<li><a href=\"https:\/\/www.unidroit.org\/english\/documents\/2021\/study82\/wg03\/s-82-wg03-02-rev01-e.pdf\">Study LXXXII \u2013 W.G.3 \u2013 Doc. 2<\/a>: Revised Issues Paper (rev. 1)<\/li>\n<li><a href=\"https:\/\/www.unidroit.org\/english\/documents\/2021\/study82\/wg03\/s-82-wg03-04-e.pdf\">Study LXXXII \u2013 W.G.3 \u2013 Doc. 4<\/a>: Summary Report of the 3<sup>rd<\/sup>\u00a0session<\/li>\n<\/ul>\n<p>&nbsp;<\/p>\n<p><strong>4<sup>\u00e8me<\/sup>\u00a0r\u00e9union du Groupe de travail<\/strong><\/p>\n<p>La quatri\u00e8me r\u00e9union du Groupe de travail hybride a eu lieu du 2 au 4 novembre 2021.<\/p>\n<ul>\n<li><a href=\"https:\/\/www.unidroit.org\/wp-content\/uploads\/2021\/11\/Study-82-WG4-Doc.-1-Draft-Annotated-Agenda-Website.pdf\">Study LXXXII \u2013 W.G.4 \u2013 Doc. 1<\/a>: Annotated agenda<\/li>\n<li><a href=\"https:\/\/www.unidroit.org\/wp-content\/uploads\/2021\/11\/Study-82-WG4-Doc.-2-Revised-Issues-Paper-1.pdf\">Study LXXXII \u2013 W.G.4 \u2013 Doc. 2<\/a>: Revised Issues Paper<\/li>\n<li><a href=\"https:\/\/www.unidroit.org\/wp-content\/uploads\/2022\/12\/Study-82-WG4-Doc.-3-Summary-Report.pdf\">Study LXXXII \u2013 W.G.4 \u2013 Doc. 3<\/a>: Summary Report of the 4<sup>th<\/sup> session<\/li>\n<\/ul>\n<p>&nbsp;<\/p>\n<p><strong>5<sup>\u00e8me<\/sup>\u00a0r\u00e9union du Groupe de travail<\/strong><\/p>\n<p>La cinqui\u00e8me r\u00e9union du Groupe de travail hybride s&#8217;est tenue du 7 au 9 mars 2022.<\/p>\n<ul>\n<li><a href=\"https:\/\/www.unidroit.org\/wp-content\/uploads\/2022\/03\/W.G.5.-Doc.-1-Annotated-Agenda-Website.pdf\">Study LXXXII \u2013 W.G.5 \u2013 Doc. 1<\/a>: Annotated Agenda<\/li>\n<li><a href=\"https:\/\/www.unidroit.org\/wp-content\/uploads\/2022\/03\/W.G.5.-Doc.-2-Master-Copy-of-the-Black-Letter-Principles-Comparison.pdf\">Study LXXXII \u2013 W.G.5 \u2013 Doc. 2<\/a>: Master Copy of the Black Letter Principles (Comparison)<\/li>\n<li><a href=\"https:\/\/www.unidroit.org\/wp-content\/uploads\/2022\/03\/W.G.5.-Doc.-3-Master-Copy-Principles-plus-Comments-with-Questions.pdf\">Study LXXXII \u2013 W.G.5 \u2013 Doc. 3<\/a>: Master Copy of the Principles plus Commentary (with Questions)<\/li>\n<li><a href=\"https:\/\/www.unidroit.org\/wp-content\/uploads\/2022\/12\/Study-82-WG5-Doc.-4-Summary-Report-of-the-5th-session-Final.pdf\">Study LXXXII \u2013 W.G.5 \u2013 Doc. 4<\/a>: Summary Report of the 5<sup>th<\/sup> session<\/li>\n<\/ul>\n<p>&nbsp;<\/p>\n<p><strong>6<sup>\u00e8me<\/sup> r\u00e9union du Groupe de travail<br \/>\n<\/strong><\/p>\n<p>La sixi\u00e8me r\u00e9union du Groupe de travail hybride s&#8217;est tenue du 31 ao\u00fbt au 2 septembre 2022.<\/p>\n<ul>\n<li><a href=\"https:\/\/www.unidroit.org\/wp-content\/uploads\/2022\/08\/W.G.6.-Doc.-1-Annotated-Agenda-Website-1.pdf\">Study LXXXII \u2013 W.G.6 \u2013 Doc. 1<\/a>: Annotated Agenda<\/li>\n<li><a href=\"https:\/\/www.unidroit.org\/wp-content\/uploads\/2022\/08\/W.G.6-Doc.-2-Master-Copy-of-the-Draft-Principles-and-Comments-clean.pdf\">Study LXXXII \u2013 W.G.6 \u2013 Doc. 2<\/a>: Master Copy of the Draft Principles and Comments<\/li>\n<li><a href=\"https:\/\/www.unidroit.org\/wp-content\/uploads\/2022\/08\/W.G.6-Doc.-3-Tracked-Principles-and-Issues-Paper.pdf\">Study LXXXII \u2013 W.G.6 \u2013 Doc. 3<\/a>: Tracked Principles and Issues Paper<\/li>\n<li><a href=\"https:\/\/www.unidroit.org\/wp-content\/uploads\/2022\/09\/W.G.6-Doc.-3-Compared-Version-with-Issues-Paper-ANNEX.pdf\">Study LXXXII &#8211; W.G.6\u00a0 &#8211;\u00a0 Doc. 3 Annex <\/a>(Comments received by the Steering Committee)<\/li>\n<li><a href=\"https:\/\/www.unidroit.org\/wp-content\/uploads\/2022\/12\/W.G.6-Doc.-4-Summary-Report-of-the-6th-Session.pdf\">Study LXXXII \u2013 W.G.6 \u2013 Doc. 4<\/a>: Summary Report of the 6<sup>th<\/sup> session<\/li>\n<\/ul>\n<p>&nbsp;<\/p>\n<p><strong>7<sup>\u00e8me<\/sup> r\u00e9union du Groupe de travail<\/strong><\/p>\n<p>La septi\u00e8me r\u00e9union du Groupe de travail hybride s&#8217;est tenue du 19 au 21 d\u00e9cembre 2022.<\/p>\n<ul>\n<li><a href=\"https:\/\/www.unidroit.org\/wp-content\/uploads\/2022\/12\/W.G.7-Doc.-1-Annotated-Agenda.pdf\">Study LXXXII \u2013 W.G.7 \u2013 Doc. 1<\/a>: Annotated Agenda<\/li>\n<li><a href=\"https:\/\/www.unidroit.org\/wp-content\/uploads\/2022\/12\/W.G.7-Doc.-2-Draft-Principles-and-Commentary.pdf\">Study\u00a0LXXXII \u2013 W.G.7 \u2013 Doc. 2<\/a>: Draft Principles and Commentary<\/li>\n<li><a href=\"https:\/\/www.unidroit.org\/wp-content\/uploads\/2022\/12\/W.G.7-Doc.-3-Issues-Paper.pdf\">Study LXXXII<\/a><a href=\"https:\/\/www.unidroit.org\/wp-content\/uploads\/2022\/12\/W.G.7-Doc.-2-Draft-Principles-and-Commentary.pdf\"> \u2013 <\/a><a href=\"https:\/\/www.unidroit.org\/wp-content\/uploads\/2022\/12\/W.G.7-Doc.-3-Issues-Paper.pdf\">W.G.7<\/a><a href=\"https:\/\/www.unidroit.org\/wp-content\/uploads\/2022\/12\/W.G.7-Doc.-2-Draft-Principles-and-Commentary.pdf\"> \u2013 <\/a><a href=\"https:\/\/www.unidroit.org\/wp-content\/uploads\/2022\/12\/W.G.7-Doc.-3-Issues-Paper.pdf\">Doc. 3<\/a>: Issues Paper<\/li>\n<li><a href=\"https:\/\/www.unidroit.org\/wp-content\/uploads\/2022\/12\/W.G.7-Doc.-4-Section-VI-Enforcement.pdf\">Study LXXXII \u2013\u00a0W.G.7\u00a0\u2013\u00a0Doc. 4<\/a>: Section IV: Enforcement<\/li>\n<li><a href=\"https:\/\/www.unidroit.org\/wp-content\/uploads\/2023\/03\/W.G.7-Doc.-5-Summary-Report-of-the-7th-Session-1.pdf\">Study LXXXII \u2013 W.G.7 \u2013 Doc. 5<\/a>: Summary Report of the 7<sup>th<\/sup> session<\/li>\n<\/ul>\n<p>&nbsp;<\/p>\n<p><strong><span style=\"font-size: 16px;\">8<\/span><sup>\u00e8me<\/sup> r\u00e9union du Groupe de travail<\/strong><\/p>\n<p>La huiti\u00e8me r\u00e9union du Groupe de travail hybride s&#8217;est tenue du 8 au 10 mars 2023.<\/p>\n<ul style=\"list-style-type: circle;\">\n<li><a href=\"https:\/\/www.unidroit.org\/wp-content\/uploads\/2023\/02\/W.G.8-Doc.-1-Annotated-Agenda-web-site.pdf\">Study LXXXII \u2013\u00a0W.G.8 \u2013\u00a0Doc. 1<\/a>: Annotated Agenda<\/li>\n<li><a href=\"https:\/\/www.unidroit.org\/wp-content\/uploads\/2023\/03\/W.G.8-Doc.-2-Draft-Principles-and-Commentary-Clean.pdf\">Study LXXXII \u2013 W.G.8 \u2013 Doc. 2<\/a>: Draft Principles and Commentary (clean)<\/li>\n<li><a href=\"https:\/\/www.unidroit.org\/wp-content\/uploads\/2023\/03\/W.G.8-Doc.-3-Draft-Principles-and-Commentary-Compared.pdf\">Study LXXXII \u2013 W.G.8 \u2013 Doc. 3<\/a>: Draft Principles and Commentary (compared)<\/li>\n<li><a href=\"https:\/\/www.unidroit.org\/wp-content\/uploads\/2023\/03\/W.G.8-Doc.-4-Public-Consultation-Comments-with-Annexes-1.pdf\">Study LXXXII \u2013 W.G.8 \u2013 Doc. 4<\/a>: Public Consultation Comments<\/li>\n<li><a href=\"https:\/\/www.unidroit.org\/wp-content\/uploads\/2023\/03\/W.G.8-Doc.-5-Principle-13-%E2%80%93-Amended-1.pdf\">Study LXXXII \u2013 W.G.8 \u2013 Doc. 5<\/a>: Principle 13 \u2013 Amended<\/li>\n<li><a href=\"https:\/\/www.unidroit.org\/wp-content\/uploads\/2023\/03\/W.G.8-Doc.-6-Tracked-and-Updated-Principle-5.pdf\">Study LXXXII \u2013 W.G.8 \u2013 Doc. 6<\/a>: Tracked and updated Principle 5<\/li>\n<\/ul>\n<p style=\"text-align: justify;\">UNIDROIT a men\u00e9 une consultation publique sur le projet des Principes d&#8217;UNIDROIT relatifs aux actifs num\u00e9riques et au droit priv\u00e9. Pour plus d&#8217;informations, veuillez voir:\u00a0 <a href=\"https:\/\/www.unidroit.org\/fr\/travaux-en-cours\/actifs-numeriques\/actifs-numeriques-et-droit-prive-consultation-publique\/\">Actifs num\u00e9riques et droit priv\u00e9<\/a>. Les r\u00e9sultats de la consultation ont \u00e9t\u00e9 discut\u00e9s lors de la 8\u00e8me session du Groupe de travail.<\/p>\n<p>[\/vc_column_text][\/vc_tta_section][vc_tta_section title=&#8221;CONSULTATION PUBLIQUE&#8221; tab_id=&#8221;1738926989737-c63663c4-cf7e&#8221;][vc_column_text css=&#8221;&#8221;]<\/p>\n<p style=\"text-align: justify;\">UNIDROIT a men\u00e9 une consultation publique sur le projet des Principes d\u2019UNIDROIT relatifs aux actifs num\u00e9riques et droit priv\u00e9. Pour plus d\u2019informations, veuillez voir:\u00a0\u00a0<a href=\"https:\/\/www.unidroit.org\/fr\/travaux-en-cours\/actifs-numeriques\/actifs-numeriques-et-droit-prive-consultation-publique\/\">Actifs num\u00e9riques et droit priv\u00e9<\/a>. Les r\u00e9sultats de la consultation ont \u00e9t\u00e9 discut\u00e9s lors de la 8<sup>\u00e8me <\/sup>session du Groupe de travail.<\/p>\n<p>[\/vc_column_text][\/vc_tta_section][\/vc_tta_accordion][\/vc_column][\/vc_row]<\/p>\n<\/div>","protected":false},"excerpt":{"rendered":"<p>[vc_row][vc_column][\/vc_column][\/vc_row][vc_row][vc_column][vc_custom_heading text=&#8221;TRAVAUX PR\u00c9PARATOIRES&#8221; font_container=&#8221;tag:h1|text_align:left&#8221; use_theme_fonts=&#8221;yes&#8221;][vc_custom_heading text=&#8221;\u00c9TUDE LXXXII &#8211; PROJET SUR LES ACTIFS NUM\u00c9RIQUES ET LE DROIT PRIV\u00c9&#8221; font_container=&#8221;tag:h4|text_align:left&#8221; use_theme_fonts=&#8221;yes&#8221;][vc_column_text][\/vc_column_text][\/vc_column][\/vc_row][vc_row][vc_column][vc_tta_accordion][vc_tta_section title=&#8221;HISTORIQUE&#8221; tab_id=&#8221;1738923573761-c6b9c112-caa6&#8243;][vc_column_text css=&#8221;&#8221;] En 2015, UNIDROIT a re\u00e7u une proposition du minist\u00e8re de la Justice de Hongrie proposant l\u2019\u00e9laboration de lois types dans le domaine de&nbsp;<a href=\"https:\/\/www.unidroit.org\/fr\/instruments\/actifs-numeriques-et-droit-prive\/travaux-preparatoires\/\">&hellip;<\/a><\/p>\n","protected":false},"author":19,"featured_media":0,"parent":23152,"menu_order":0,"comment_status":"closed","ping_status":"closed","template":"","meta":{"ep_exclude_from_search":false,"footnotes":""},"class_list":["post-23175","page","type-page","status-publish","format-standard","hentry","odd"],"_links":{"self":[{"href":"https:\/\/www.unidroit.org\/fr\/wp-json\/wp\/v2\/pages\/23175","targetHints":{"allow":["GET"]}}],"collection":[{"href":"https:\/\/www.unidroit.org\/fr\/wp-json\/wp\/v2\/pages"}],"about":[{"href":"https:\/\/www.unidroit.org\/fr\/wp-json\/wp\/v2\/types\/page"}],"author":[{"embeddable":true,"href":"https:\/\/www.unidroit.org\/fr\/wp-json\/wp\/v2\/users\/19"}],"replies":[{"embeddable":true,"href":"https:\/\/www.unidroit.org\/fr\/wp-json\/wp\/v2\/comments?post=23175"}],"version-history":[{"count":3,"href":"https:\/\/www.unidroit.org\/fr\/wp-json\/wp\/v2\/pages\/23175\/revisions"}],"predecessor-version":[{"id":30875,"href":"https:\/\/www.unidroit.org\/fr\/wp-json\/wp\/v2\/pages\/23175\/revisions\/30875"}],"up":[{"embeddable":true,"href":"https:\/\/www.unidroit.org\/fr\/wp-json\/wp\/v2\/pages\/23152"}],"wp:attachment":[{"href":"https:\/\/www.unidroit.org\/fr\/wp-json\/wp\/v2\/media?parent=23175"}],"curies":[{"name":"wp","href":"https:\/\/api.w.org\/{rel}","templated":true}]}}