{"id":24941,"date":"2023-01-12T15:17:30","date_gmt":"2023-01-12T14:17:30","guid":{"rendered":"https:\/\/www.unidroit.org\/?page_id=24941"},"modified":"2025-02-18T16:37:37","modified_gmt":"2025-02-18T15:37:37","slug":"pidd-2","status":"publish","type":"page","link":"https:\/\/www.unidroit.org\/fr\/pidd-2\/","title":{"rendered":"UNIDROIT PROGRAMME INTERNATIONAL POUR LE DROIT ET LE D\u00c9VELOPPEMENT (PIDD) -2023"},"content":{"rendered":"<h1 style=\"text-align: center;\"><span style=\"font-size: 24pt;\"><img loading=\"lazy\" decoding=\"async\" class=\"alignnone wp-image-25600\" src=\"https:\/\/www.unidroit.org\/wp-content\/uploads\/2024\/02\/Screenshot-2024-02-28-at-10.17.14-300x38.png\" alt=\"\" width=\"932\" height=\"118\" srcset=\"https:\/\/www.unidroit.org\/wp-content\/uploads\/2024\/02\/Screenshot-2024-02-28-at-10.17.14-300x38.png 300w, https:\/\/www.unidroit.org\/wp-content\/uploads\/2024\/02\/Screenshot-2024-02-28-at-10.17.14-1024x131.png 1024w, https:\/\/www.unidroit.org\/wp-content\/uploads\/2024\/02\/Screenshot-2024-02-28-at-10.17.14.png 1236w\" sizes=\"auto, (max-width: 932px) 100vw, 932px\" \/>PROGRAMME INTERNATIONAL POUR LE DROIT ET LE D\u00c9VELOPPEMENT 2023<\/span><\/h1>\n<p>&nbsp;<\/p>\n<p style=\"text-align: justify;\"><span style=\"font-weight: 400;\">L\u2019\u00e9dition 2023 du Programme international pour le droit et le d\u00e9veloppement (IPLD) s\u2019est d\u00e9roul\u00e9e du 5 juin au 7 juillet. Cette deuxi\u00e8me \u00e9dition a b\u00e9n\u00e9fici\u00e9 de la collaboration avec la <\/span><a href=\"https:\/\/unidroitfoundation.org\" target=\"_blank\" rel=\"noopener\"><span style=\"text-decoration: underline;\"><span style=\"font-weight: 400;\">Fondation d&#8217;UNIDROIT <\/span><\/span><\/a><span style=\"font-weight: 400;\">et le <\/span><a href=\"https:\/\/ili-sace.org\" target=\"_blank\" rel=\"noopener\"><span style=\"text-decoration: underline;\"><span style=\"font-weight: 400;\">ILI-Centre d&#8217;Excellence Sud-Africa (ILI-SACE)<\/span> <span style=\"font-weight: 400;\">.<\/span><\/span><\/a><\/p>\n<p style=\"text-align: justify;\"><span style=\"font-weight: 400;\">Le projet a \u00e9t\u00e9 financ\u00e9 par le<\/span> <a href=\"https:\/\/www.esteri.it\/it\/\" target=\"_blank\" rel=\"noopener\"><span style=\"text-decoration: underline;\">Minist\u00e8re italien des Affaires \u00e9trang\u00e8res et de la Coop\u00e9ration internationale (MAECI)<\/span><\/a>, <span style=\"font-weight: 400;\">plus pr\u00e9cis\u00e9ment par la<\/span> <a href=\"https:\/\/www.esteri.it\/en\/ministero\/struttura\/dgcoopsviluppo\/\" target=\"_blank\" rel=\"noopener\"><span style=\"text-decoration: underline;\">Direction g\u00e9n\u00e9rale de la coop\u00e9ration au d\u00e9veloppement.<\/span><\/a><\/p>\n<p style=\"text-align: justify;\"><span style=\"font-weight: 400;\">Le volet en ligne, qui s\u2019est tenu du 5 au 16 juin 2023, a r\u00e9uni les 20 candidats admis. Les discours d\u2019ouverture ont \u00e9t\u00e9 prononc\u00e9s par le Ministre P. Velotti du MAECI, S.E. Nosipho Nausca-Jean Jezile, Ambassadrice d\u2019Afrique du Sud \u00e0 Rome, ainsi que par les Professeurs Maria Chiara Malaguti, Pr\u00e9sidente d\u2019UNIDROIT, Ignacio Tirado et Anna Veneziano, respectivement Secr\u00e9taire G\u00e9n\u00e9ral et Secr\u00e9taire G\u00e9n\u00e9rale adjointe d\u2019UNIDROIT.<\/span><\/p>\n<p>&nbsp;<\/p>\n<p><img loading=\"lazy\" decoding=\"async\" class=\"wp-image-24942 alignnone\" src=\"https:\/\/www.unidroit.org\/wp-content\/uploads\/2024\/01\/Picture-1-266x200.jpg\" alt=\"\" width=\"208\" height=\"157\" \/> <img loading=\"lazy\" decoding=\"async\" class=\"alignnone wp-image-25362\" src=\"https:\/\/www.unidroit.org\/wp-content\/uploads\/2024\/02\/home2-300x225.jpg\" alt=\"\" width=\"209\" height=\"156\" srcset=\"https:\/\/www.unidroit.org\/wp-content\/uploads\/2024\/02\/home2-300x225.jpg 300w, https:\/\/www.unidroit.org\/wp-content\/uploads\/2024\/02\/home2.jpg 456w\" sizes=\"auto, (max-width: 209px) 100vw, 209px\" \/> <img loading=\"lazy\" decoding=\"async\" class=\"alignnone wp-image-24948\" src=\"https:\/\/www.unidroit.org\/wp-content\/uploads\/2024\/01\/Picture-5-300x225.jpg\" alt=\"\" width=\"209\" height=\"157\" srcset=\"https:\/\/www.unidroit.org\/wp-content\/uploads\/2024\/01\/Picture-5-300x225.jpg 300w, https:\/\/www.unidroit.org\/wp-content\/uploads\/2024\/01\/Picture-5.jpg 782w\" sizes=\"auto, (max-width: 209px) 100vw, 209px\" \/> <img loading=\"lazy\" decoding=\"async\" class=\"alignnone wp-image-24954\" src=\"https:\/\/www.unidroit.org\/wp-content\/uploads\/2024\/01\/Picture-8-300x226.png\" alt=\"\" width=\"208\" height=\"157\" srcset=\"https:\/\/www.unidroit.org\/wp-content\/uploads\/2024\/01\/Picture-8-300x226.png 300w, https:\/\/www.unidroit.org\/wp-content\/uploads\/2024\/01\/Picture-8.png 428w\" sizes=\"auto, (max-width: 208px) 100vw, 208px\" \/><\/p>\n<p>&nbsp;<\/p>\n<p style=\"text-align: justify;\"><span style=\"font-weight: 400;\">Le volet en pr\u00e9sentiel, tenu au si\u00e8ge d\u2019UNIDROIT \u00e0 Rome, <\/span><span style=\"font-weight: 400;\">a d\u00e9but\u00e9 le 19 juin 2023 par une c\u00e9r\u00e9monie avec des messages du Vice-Ministre Edmondo Cirielli (MAECI), du ministre pl\u00e9nipotentiaire Marco Giungi (DGCS), et par un discours liminaire du Professeur Makane Mo\u00efse Mbengue de l\u2019Universit\u00e9 de Gen\u00e8ve (par vid\u00e9oconf\u00e9rence), en pr\u00e9sence de repr\u00e9sentants diplomatiques.<\/span><\/p>\n<p style=\"text-align: justify;\"><span style=\"font-weight: 400;\">Sur la base des th\u00e8mes propos\u00e9s dans le <\/span><a href=\"https:\/\/www.unidroit.org\/ipld-syllabus\/\"><span style=\"text-decoration: underline;\"><span style=\"font-weight: 400;\">programme<\/span><\/span><\/a><span style=\"font-weight: 400;\">, le cours a \u00e9t\u00e9 articul\u00e9 \u00e0 travers des conf\u00e9rences donn\u00e9es par plus de 33 experts internes et externes \u00e0 UNIDROIT. <\/span><span style=\"font-weight: 400;\">Les participants ont \u00e9galement eu l\u2019occasion d\u2019assister \u00e0 des s\u00e9minaires au cours desquels des praticiens du droit ont pr\u00e9sent\u00e9 des \u00e9tudes de cas bas\u00e9es sur des cas r\u00e9els.<\/span><\/p>\n<p style=\"text-align: justify;\"><span style=\"font-weight: 400;\">Les trois semaines en pr\u00e9sentiel se sont termin\u00e9es le 7 juillet 2023 par une c\u00e9r\u00e9monie officielle au cours de laquelle des certificats ont \u00e9t\u00e9 remis aux<\/span> <span style=\"font-weight: 400;\">20<\/span> <span style=\"font-weight: 400;\">participants repr\u00e9sentant 15 pays africains (Afrique du Sud, Alg\u00e9rie, Burkina Faso, Cameroun, \u00c9gypte, Ghana, Kenya, Lib\u00e9ria, Malawi, Maurice, Nig\u00e9ria, Ouganda, Somalie, Tanzanie et Zambie).<\/span><\/p>\n<p>&nbsp;<\/p>\n<p style=\"text-align: justify;\"><strong> <img loading=\"lazy\" decoding=\"async\" class=\"alignnone wp-image-24958\" src=\"https:\/\/www.unidroit.org\/wp-content\/uploads\/2024\/01\/Picture-10-300x290.png\" alt=\"\" width=\"197\" height=\"190\" \/> <img loading=\"lazy\" decoding=\"async\" class=\"alignnone wp-image-24960\" src=\"https:\/\/www.unidroit.org\/wp-content\/uploads\/2024\/01\/Picture-11-300x225.png\" alt=\"\" width=\"251\" height=\"188\" srcset=\"https:\/\/www.unidroit.org\/wp-content\/uploads\/2024\/01\/Picture-11-300x225.png 300w, https:\/\/www.unidroit.org\/wp-content\/uploads\/2024\/01\/Picture-11.png 510w\" sizes=\"auto, (max-width: 251px) 100vw, 251px\" \/> <img loading=\"lazy\" decoding=\"async\" class=\"alignnone wp-image-24956\" src=\"https:\/\/www.unidroit.org\/wp-content\/uploads\/2024\/01\/Picture-9-225x300.jpg\" alt=\"\" width=\"143\" height=\"191\" srcset=\"https:\/\/www.unidroit.org\/wp-content\/uploads\/2024\/01\/Picture-9-225x300.jpg 225w, https:\/\/www.unidroit.org\/wp-content\/uploads\/2024\/01\/Picture-9.jpg 288w\" sizes=\"auto, (max-width: 143px) 100vw, 143px\" \/><\/strong><\/p>\n<p>&nbsp;<\/p>\n<p style=\"text-align: justify;\">Des \u00e9v\u00e9nements parall\u00e8les<span style=\"font-weight: 400;\"> ont \u00e9t\u00e9 organis\u00e9s en collaboration avec les participants de la premi\u00e8re \u00e9dition de l\u2019IPLD dans leurs pays respectifs. L\u2019objectif \u00e9tait d\u2019atteindre un public plus large, y compris les l\u00e9gislateurs, les d\u00e9cideurs, les institutions financi\u00e8res, les universitaires et les praticiens du droit. Ces \u00e9v\u00e9nements se sont concentr\u00e9s sur des sujets s\u00e9lectionn\u00e9s pr\u00e9sentant un int\u00e9r\u00eat particulier pour chaque pays africain.<\/span><\/p>\n<p style=\"text-align: justify;\"><span style=\"font-weight: 400;\"><strong><img loading=\"lazy\" decoding=\"async\" class=\" wp-image-24950 alignleft\" src=\"https:\/\/www.unidroit.org\/wp-content\/uploads\/2024\/01\/Picture-6-130x112.jpg\" alt=\"\" width=\"62\" height=\"53\" \/><\/strong>Des \u00e9v\u00e9nements sociaux ont \u00e9t\u00e9 organis\u00e9s le soir apr\u00e8s les s\u00e9minaires pour faciliter <\/span><span style=\"font-weight: 400;\">le r\u00e9seautage entre les participants, les conf\u00e9renciers et les experts juridiques.<br \/>\n<\/span><\/p>\n<p>&nbsp;<\/p>\n<p style=\"text-align: justify;\"><img loading=\"lazy\" decoding=\"async\" class=\"wp-image-24952 alignleft\" src=\"https:\/\/www.unidroit.org\/wp-content\/uploads\/2024\/01\/Picture-7-122x116.jpg\" alt=\"\" width=\"58\" height=\"55\" \/>Des visites guid\u00e9es de la ville ont \u00e9t\u00e9 organis\u00e9es pendant les week-ends pour permettre aux participants de profiter du riche patrimoine culturel de la ville de Rome.<\/p>\n<p>&nbsp;<\/p>\n<p style=\"font-weight: 400; text-align: justify;\">Des remerciements particuliers vont \u00e0 <a href=\"http:\/\/lnx.sudafrica.it\/en\/page.html?Id=30\" target=\"_blank\" rel=\"noopener\"><span style=\"text-decoration: underline;\">S.E. Mme Nosipho Nausca-Jean Jezile, Ambassadrice d\u2019Afrique du Sud en Italie<\/span><\/a> pour sa contribution et pour la r\u00e9ception qui s\u2019est tenue le 29 juin \u00e0 sa r\u00e9sidence.<\/p>\n","protected":false},"excerpt":{"rendered":"<p>PROGRAMME INTERNATIONAL POUR LE DROIT ET LE D\u00c9VELOPPEMENT 2023 &nbsp; L\u2019\u00e9dition 2023 du Programme international pour le droit et le d\u00e9veloppement (IPLD) s\u2019est d\u00e9roul\u00e9e du 5 juin au 7 juillet. Cette deuxi\u00e8me \u00e9dition a b\u00e9n\u00e9fici\u00e9 de la collaboration avec la Fondation d&#8217;UNIDROIT et le ILI-Centre&nbsp;<a href=\"https:\/\/www.unidroit.org\/fr\/pidd-2\/\">&hellip;<\/a><\/p>\n","protected":false},"author":20,"featured_media":0,"parent":0,"menu_order":0,"comment_status":"closed","ping_status":"closed","template":"","meta":{"ep_exclude_from_search":false,"footnotes":""},"class_list":["post-24941","page","type-page","status-publish","format-standard","hentry","odd"],"_links":{"self":[{"href":"https:\/\/www.unidroit.org\/fr\/wp-json\/wp\/v2\/pages\/24941","targetHints":{"allow":["GET"]}}],"collection":[{"href":"https:\/\/www.unidroit.org\/fr\/wp-json\/wp\/v2\/pages"}],"about":[{"href":"https:\/\/www.unidroit.org\/fr\/wp-json\/wp\/v2\/types\/page"}],"author":[{"embeddable":true,"href":"https:\/\/www.unidroit.org\/fr\/wp-json\/wp\/v2\/users\/20"}],"replies":[{"embeddable":true,"href":"https:\/\/www.unidroit.org\/fr\/wp-json\/wp\/v2\/comments?post=24941"}],"version-history":[{"count":1,"href":"https:\/\/www.unidroit.org\/fr\/wp-json\/wp\/v2\/pages\/24941\/revisions"}],"predecessor-version":[{"id":31064,"href":"https:\/\/www.unidroit.org\/fr\/wp-json\/wp\/v2\/pages\/24941\/revisions\/31064"}],"wp:attachment":[{"href":"https:\/\/www.unidroit.org\/fr\/wp-json\/wp\/v2\/media?parent=24941"}],"curies":[{"name":"wp","href":"https:\/\/api.w.org\/{rel}","templated":true}]}}