{"id":31750,"date":"2021-12-23T11:49:19","date_gmt":"2021-12-23T10:49:19","guid":{"rendered":"https:\/\/www.unidroit.org\/?page_id=31750"},"modified":"2025-07-22T12:07:48","modified_gmt":"2025-07-22T10:07:48","slug":"d-benin","status":"publish","type":"page","link":"https:\/\/www.unidroit.org\/fr\/instruments\/garanties-internationales\/protocole-aeronautique\/etat\/d-benin\/","title":{"rendered":"D &#8211; B\u00e9nin"},"content":{"rendered":"<div class=\"wpb-content-wrapper\"><p>[vc_row][vc_column css=&#8221;.vc_custom_1490017614850{margin-bottom: 30px !important;}&#8221;][vc_custom_heading text=&#8221;D&#8221; font_container=&#8221;tag:h1|text_align:left&#8221; use_theme_fonts=&#8221;yes&#8221; css=&#8221;.vc_custom_1625938548065{margin-top: 0px !important;margin-bottom: 20px !important;}&#8221;][vc_custom_heading text=&#8221;D\u00c9CLARATIONS D\u00c9POS\u00c9ES PAR LA R\u00c9PUBLIQUE DU B\u00c9NIN EN VERTU PROTOCOLE A\u00c9RONAUTIQUE AU MOMENT DU D\u00c9P\u00d4T DE SON INSTRUMENT D\u2019ADH\u00c9SION&#8221; font_container=&#8221;tag:h4|text_align:left&#8221; use_theme_fonts=&#8221;yes&#8221;][\/vc_column][\/vc_row][vc_row css=&#8221;.vc_custom_1622455036974{background-color: #f2f2f2 !important;}&#8221;][vc_column css=&#8221;.vc_custom_1490017614850{margin-bottom: 30px !important;}&#8221;][vc_column_text]<\/p>\n<p style=\"text-align: center;\"><strong>D\u00c9CLARATIONS<br \/>\n<\/strong><strong>D\u00c9POS\u00c9ES PAR LA R\u00c9PUBLIQUE DU B\u00c9NIN EN VERTU DU PROTOCOLE A\u00c9RONAUTIQUE AU MOMENT DU D\u00c9P\u00d4T DE SON INSTRUMENT D\u2019ADH\u00c9SION\u00a0<\/strong><\/p>\n<p>&nbsp;<\/p>\n<p><strong>1. Au titre de l\u2019article XXX-1<\/strong><\/p>\n<p>La R\u00e9publique du Benin d\u00e9clare qu&#8217;elle appliquera les articles VIII, XII et XIII du Protocole.<\/p>\n<p>&nbsp;<\/p>\n<p><strong>2. Au titre de l\u2019article XXX-2<\/strong><\/p>\n<p>La R\u00e9publique du B\u00e9nin d\u00e9clare qu\u2019elle appliquera l\u2019article X du Protocole dans son int\u00e9gralit\u00e9.<\/p>\n<p>Le d\u00e9lai de mise en \u0153uvre des dispositions de l\u2019article X du Protocole, lorsque n\u00e9cessaire ne devra en aucune mani\u00e8re exc\u00e9der \u00e0 compter de l\u2019\u2019introduction de la demande:<\/p>\n<p style=\"padding-left: 40px;\">&#8211; Dix (10) jours ouvrables pour les recours vis\u00e9s \u00e0 l\u2019article 13 (1)(a), (b) et (c) de la Convention notamment pour la pr\u00e9servation de l\u2019a\u00e9ronef et sa valeur, sa mise en possession, son contr\u00f4le, sa garde ou encore son immobilisation;<\/p>\n<p style=\"padding-left: 40px;\">&#8211; Trente (30) jours ouvrables pour les recours pr\u00e9vus \u00e0 l\u2019article 13 (1)(d) et (e) de la Convention notamment la location, la gestion de l\u2019a\u00e9ronef ainsi que les revenus de cette gestion ou ceux provenant de sa vente.<\/p>\n<p>&nbsp;<\/p>\n<p><strong>3. Au titre de l\u2019article XXX-3<\/strong><\/p>\n<p>La R\u00e9publique du B\u00e9nin d\u00e9clare qu\u2019elle appliquera int\u00e9gralement l\u2019article XI du Protocole dans sa Variante A.<\/p>\n<p>Elle sera mise en \u0153uvre dans le cadre des proc\u00e9dures d\u2019insolvabilit\u00e9 et la p\u00e9riode d&#8217;attente pr\u00e9vue par l\u2019article XI (3) ne d\u00e9passera nullement trente (30) jours ouvrables.<\/p>\n<p>&nbsp;<\/p>\n<p>&nbsp;<\/p>\n<p style=\"text-align: center;\">*<\/p>\n<p style=\"text-align: center;\">*\u00a0\u00a0\u00a0\u00a0 *<\/p>\n<p style=\"text-align: center;\"><a href=\"https:\/\/www.unidroit.org\/fr\/instruments\/garanties-internationales\/convention-du-cap\/etats-parties\/d-benin-ct\/\">D\u00e9clarations d\u00e9pos\u00e9es par le B\u00e9nin en vertu de la Convention du Cap<\/a><\/p>\n<p>\u00a0[\/vc_column_text][\/vc_column][\/vc_row][vc_row][vc_column][vc_empty_space height=&#8221;10px&#8221;][\/vc_column][\/vc_row]<\/p>\n<\/div>","protected":false},"excerpt":{"rendered":"<p>[vc_row][vc_column css=&#8221;.vc_custom_1490017614850{margin-bottom: 30px !important;}&#8221;][vc_custom_heading text=&#8221;D&#8221; font_container=&#8221;tag:h1|text_align:left&#8221; use_theme_fonts=&#8221;yes&#8221; css=&#8221;.vc_custom_1625938548065{margin-top: 0px !important;margin-bottom: 20px !important;}&#8221;][vc_custom_heading text=&#8221;D\u00c9CLARATIONS D\u00c9POS\u00c9ES PAR LA R\u00c9PUBLIQUE DU B\u00c9NIN EN VERTU PROTOCOLE A\u00c9RONAUTIQUE AU MOMENT DU D\u00c9P\u00d4T DE SON INSTRUMENT D\u2019ADH\u00c9SION&#8221; font_container=&#8221;tag:h4|text_align:left&#8221; use_theme_fonts=&#8221;yes&#8221;][\/vc_column][\/vc_row][vc_row css=&#8221;.vc_custom_1622455036974{background-color: #f2f2f2 !important;}&#8221;][vc_column css=&#8221;.vc_custom_1490017614850{margin-bottom: 30px !important;}&#8221;][vc_column_text] D\u00c9CLARATIONS D\u00c9POS\u00c9ES PAR LA R\u00c9PUBLIQUE DU&nbsp;<a href=\"https:\/\/www.unidroit.org\/fr\/instruments\/garanties-internationales\/protocole-aeronautique\/etat\/d-benin\/\">&hellip;<\/a><\/p>\n","protected":false},"author":19,"featured_media":0,"parent":7387,"menu_order":0,"comment_status":"closed","ping_status":"closed","template":"","meta":{"ep_exclude_from_search":false,"footnotes":""},"class_list":["post-31750","page","type-page","status-publish","format-standard","hentry","odd"],"_links":{"self":[{"href":"https:\/\/www.unidroit.org\/fr\/wp-json\/wp\/v2\/pages\/31750","targetHints":{"allow":["GET"]}}],"collection":[{"href":"https:\/\/www.unidroit.org\/fr\/wp-json\/wp\/v2\/pages"}],"about":[{"href":"https:\/\/www.unidroit.org\/fr\/wp-json\/wp\/v2\/types\/page"}],"author":[{"embeddable":true,"href":"https:\/\/www.unidroit.org\/fr\/wp-json\/wp\/v2\/users\/19"}],"replies":[{"embeddable":true,"href":"https:\/\/www.unidroit.org\/fr\/wp-json\/wp\/v2\/comments?post=31750"}],"version-history":[{"count":6,"href":"https:\/\/www.unidroit.org\/fr\/wp-json\/wp\/v2\/pages\/31750\/revisions"}],"predecessor-version":[{"id":34786,"href":"https:\/\/www.unidroit.org\/fr\/wp-json\/wp\/v2\/pages\/31750\/revisions\/34786"}],"up":[{"embeddable":true,"href":"https:\/\/www.unidroit.org\/fr\/wp-json\/wp\/v2\/pages\/7387"}],"wp:attachment":[{"href":"https:\/\/www.unidroit.org\/fr\/wp-json\/wp\/v2\/media?parent=31750"}],"curies":[{"name":"wp","href":"https:\/\/api.w.org\/{rel}","templated":true}]}}