{"id":33240,"date":"2021-08-05T19:14:37","date_gmt":"2021-08-05T17:14:37","guid":{"rendered":"https:\/\/www.unidroit.org\/?page_id=33240"},"modified":"2026-03-17T13:38:38","modified_gmt":"2026-03-17T12:38:38","slug":"axe-de-travail-droit-prive-agriculture-2","status":"publish","type":"page","link":"https:\/\/www.unidroit.org\/fr\/centenaire\/axe-de-travail-droit-prive-agriculture-2\/","title":{"rendered":"Axe de travail &#8220;Droit priv\u00e9 et agriculture&#8221;"},"content":{"rendered":"<div class=\"wpb-content-wrapper\"><p>[vc_row css=&#8221;.vc_custom_1773407914298{margin-bottom: 20px !important;}&#8221;][vc_column css=&#8221;.vc_custom_1773406860295{margin-top: 0px !important;margin-bottom: 0px !important;}&#8221;][vc_btn title=&#8221;ESPA\u00d1OL&#8221; style=&#8221;custom&#8221; custom_background=&#8221;#004054&#8243; custom_text=&#8221;#ffffff&#8221; shape=&#8221;square&#8221; align=&#8221;right&#8221; css=&#8221;.vc_custom_1773751222589{margin-top: 0px !important;margin-bottom: 0px !important;border-top-width: 0px !important;border-bottom-width: 0px !important;padding-top: 0px !important;padding-bottom: 0px !important;background-color: #FFFFFF !important;}&#8221; link=&#8221;url:https%3A%2F%2Fwww.unidroit.org%2Fcentenary%2Flinea-de-trabajo-sobre-derecho-privado-y-agricultura-sp%2F&#8221;][\/vc_column][\/vc_row][vc_row][vc_column][vc_custom_heading text=&#8221;AXE DE TRAVAIL \u201cDROIT PRIV\u00c9 ET AGRICULTURE\u201d&#8221; font_container=&#8221;tag:h1|text_align:left&#8221; use_theme_fonts=&#8221;yes&#8221; css=&#8221;.vc_custom_1771190140391{margin-top: 0px !important;margin-bottom: 20px !important;}&#8221;][vc_single_image image=&#8221;31287&#8243; img_size=&#8221;full&#8221; alignment=&#8221;center&#8221; css=&#8221;&#8221;][\/vc_column][\/vc_row][vc_row][vc_column css=&#8221;.vc_custom_1490017614850{margin-bottom: 30px !important;}&#8221;][vc_column_text css=&#8221;.vc_custom_1771849249868{padding-top: 35px !important;padding-right: 35px !important;padding-bottom: 35px !important;padding-left: 35px !important;background-color: #f2f2f2 !important;}&#8221;]<\/p>\n<p style=\"text-align: justify;\">En 2010, reconnaissant l\u2019importance de ce secteur particulier, l\u2019Assembl\u00e9e G\u00e9n\u00e9rale d\u2019UNIDROIT a d\u00e9cid\u00e9 d\u2019inclure des questions relevant du droit priv\u00e9 du d\u00e9veloppement agricole dans le Programme de travail de l\u2019Institut. Depuis lors, UNIDROIT a d\u00e9velopp\u00e9 un axe de travail sp\u00e9cifiquement consacr\u00e9 au r\u00f4le essentiel que le droit priv\u00e9 peut jouer dans le d\u00e9veloppement agricole.<\/p>\n<p style=\"text-align: justify;\">L\u2019axe de travail \u201cDroit priv\u00e9 et agriculture\u201d (en anglais: <em>PLA Workstream<\/em>) couvre plusieurs instruments et projets cl\u00e9s de l\u2019Institut, notamment le <a href=\"https:\/\/www.unidroit.org\/wp-content\/uploads\/2021\/08\/cf-guide-2015-f.pdf\">Guide juridique sur l\u2019agriculture contractuelle UNIDROIT\/FAO\/FIDA<\/a> de 2015, le <a href=\"https:\/\/www.unidroit.org\/fr\/instruments\/garanties-internationales\/protocole-mac\/\">Protocole portant sur les questions sp\u00e9cifiques aux mat\u00e9riels d\u2019\u00e9quipement miniers, agricoles et de construction \u00e0 la Convention relative aux garanties internationales portant sur des mat\u00e9riels d\u2019\u00e9quipement mobiles<\/a> de 2019, le <a href=\"https:\/\/www.unidroit.org\/wp-content\/uploads\/2025\/03\/Guide-CITA-2025-website.pdf\">Guide juridique sur les contrats d\u2019investissement en terres agricoles UNIDROIT\/FIDA<\/a> de 2021, la <a href=\"https:\/\/www.unidroit.org\/wp-content\/uploads\/2025\/01\/2024-uncitral-unidroit-mlwr.pdf\">Loi type CNUDCI-UNIDROIT sur les r\u00e9c\u00e9piss\u00e9s d\u2019entrep\u00f4t<\/a> de 2014, ainsi que le projet en cours sur les <a href=\"https:\/\/www.unidroit.org\/fr\/travaux-en-cours\/structure-jurid-agro-entreprises\/\">structures juridiques collaboratives pour les entreprises agricoles UNIDROIT\/FAO\/FIDA<\/a> et le projet futur portant sur l\u2019\u00e9laboration d\u2019un guide sur le financement agricole.<\/p>\n<p style=\"text-align: justify;\">Outre ces instruments et projets, cet axe de travail m\u00e8ne \u00e9galement des recherches juridiques plus larges sur des questions g\u00e9n\u00e9rales relatives \u00e0 l\u2019importance du droit priv\u00e9 dans le secteur agricole, en vue d\u2019identifier les d\u00e9fis \u00e9mergents et d\u2019explorer les orientations futures des travaux d\u2019UNIDROIT dans ce domaine essentiel.<\/p>\n<p>[\/vc_column_text][\/vc_column][\/vc_row][vc_row][vc_column][vc_tta_accordion][vc_tta_section title=&#8221;MEMBRES DU COMIT\u00c9&#8221; tab_id=&#8221;1747232733827-1d105fad-be4e&#8221;][vc_column_text css=&#8221;&#8221;]Le Comit\u00e9 est pr\u00e9sid\u00e9 par M. Henry Gabriel (Professeur \u00e0 Elon University et membre du Conseil de Direction <em>ad honorem<\/em>).<\/p>\n<p>Les membres du Comit\u00e9 sont:<\/p>\n<p>Mme Carmen Bull\u00f3n (Juriste, Organisation des Nations Unies pour l\u2019alimentation et l\u2019agriculture, FAO)<\/p>\n<a class='pum-trigger  popmake-9823  ' data-do-default=''>Lorenzo Cotula (Responsable du programme de droit, \u00e9conomies et justice \u00e0 l\u2019International Institute for Environment and Development)<\/a>\n<a class='pum-trigger  popmake-9823  ' data-do-default=''>Marek Dubovec (Directeur des programmes de r\u00e9forme du droit \u00e0 l\u2019International Law Institute)<\/a>\n<p>James Thuo Gathii (Professeur \u00e0 la Loyola University Chicago)<\/p>\n<p>Mme Paola Iamiceli (Professeure \u00e0 l\u2019Universit\u00e9 de Trente)<\/p>\n<a class='pum-trigger  popmake-9823  ' data-do-default=''>Hagen Christian Knuth Henr\u00ff (Professeur \u00e0 l\u2019Universit\u00e9 d\u2019Helsinki)<\/a>\n<a class='pum-trigger  popmake-9823  ' data-do-default=''>Leonardo Fabio Pastorino (Professeur \u00e0 l\u2019Universit\u00e9 de V\u00e9rone)<\/a>\n<p>[\/vc_column_text][vc_column_text css=&#8221;&#8221;][\/vc_column_text][\/vc_tta_section][vc_tta_section title=&#8221;R\u00c9UNIONS&#8221; tab_id=&#8221;1747232733835-aecfb1cc-fbc3&#8243;][vc_column_text css=&#8221;&#8221;]<\/p>\n<ul>\n<li style=\"text-align: justify;\">Premi\u00e8re r\u00e9union (en ligne, 14 juillet 2025)<\/li>\n<\/ul>\n<p style=\"text-align: justify;\">La premi\u00e8re r\u00e9union a pr\u00e9sent\u00e9 les objectifs, la port\u00e9e et le calendrier de cet axe de travail.<\/p>\n<p style=\"text-align: justify;\">Le Comit\u00e9 a discut\u00e9 du rapport initial, qui a examin\u00e9 les instruments existants d\u2019UNIDROIT et les initiatives en cours. La m\u00e9thodologie et l\u2019orientation strat\u00e9gique du futur Livre blanc ont \u00e9galement \u00e9t\u00e9 prises en compte.<\/p>\n<ul style=\"text-align: justify;\">\n<li>Deuxi\u00e8me r\u00e9union (en ligne, 13 novembre 2025)<\/li>\n<\/ul>\n<p style=\"text-align: justify;\">La deuxi\u00e8me r\u00e9union s\u2019est concentr\u00e9e sur l\u2019organisation du processus de r\u00e9daction du Livre blanc.<\/p>\n<p style=\"text-align: justify;\">Le Comit\u00e9 a confirm\u00e9 l\u2019attribution des t\u00e2ches et a discut\u00e9 du projet de plan et de la m\u00e9thodologie du Livre blanc.<\/p>\n<ul style=\"text-align: justify;\">\n<li>Troisi\u00e8me r\u00e9union (en ligne, 5 f\u00e9vrier 2026)<\/li>\n<\/ul>\n<p style=\"text-align: justify;\">La troisi\u00e8me r\u00e9union s\u2019est concentr\u00e9e sur la discussion des premiers projets de contributions pr\u00e9par\u00e9s par les membres du Comit\u00e9.<\/p>\n<p style=\"text-align: justify;\">Le Comit\u00e9 a \u00e9galement discut\u00e9 de la mani\u00e8re dont les projets seraient int\u00e9gr\u00e9s dans le plan provisoire convenu.<\/p>\n<p>[\/vc_column_text][\/vc_tta_section][\/vc_tta_accordion][\/vc_column][\/vc_row]<\/p>\n<\/div>","protected":false},"excerpt":{"rendered":"<p>[vc_row css=&#8221;.vc_custom_1773407914298{margin-bottom: 20px !important;}&#8221;][vc_column css=&#8221;.vc_custom_1773406860295{margin-top: 0px !important;margin-bottom: 0px !important;}&#8221;][vc_btn title=&#8221;ESPA\u00d1OL&#8221; style=&#8221;custom&#8221; custom_background=&#8221;#004054&#8243; custom_text=&#8221;#ffffff&#8221; shape=&#8221;square&#8221; align=&#8221;right&#8221; css=&#8221;.vc_custom_1773751222589{margin-top: 0px !important;margin-bottom: 0px !important;border-top-width: 0px !important;border-bottom-width: 0px !important;padding-top: 0px !important;padding-bottom: 0px !important;background-color: #FFFFFF !important;}&#8221; link=&#8221;url:https%3A%2F%2Fwww.unidroit.org%2Fcentenary%2Flinea-de-trabajo-sobre-derecho-privado-y-agricultura-sp%2F&#8221;][\/vc_column][\/vc_row][vc_row][vc_column][vc_custom_heading text=&#8221;AXE DE TRAVAIL \u201cDROIT PRIV\u00c9 ET AGRICULTURE\u201d&#8221; font_container=&#8221;tag:h1|text_align:left&#8221; use_theme_fonts=&#8221;yes&#8221; css=&#8221;.vc_custom_1771190140391{margin-top: 0px !important;margin-bottom: 20px !important;}&#8221;][vc_single_image&nbsp;<a href=\"https:\/\/www.unidroit.org\/fr\/centenaire\/axe-de-travail-droit-prive-agriculture-2\/\">&hellip;<\/a><\/p>\n","protected":false},"author":36,"featured_media":0,"parent":33505,"menu_order":0,"comment_status":"closed","ping_status":"closed","template":"","meta":{"ep_exclude_from_search":false,"footnotes":""},"class_list":["post-33240","page","type-page","status-publish","format-standard","hentry","odd"],"_links":{"self":[{"href":"https:\/\/www.unidroit.org\/fr\/wp-json\/wp\/v2\/pages\/33240","targetHints":{"allow":["GET"]}}],"collection":[{"href":"https:\/\/www.unidroit.org\/fr\/wp-json\/wp\/v2\/pages"}],"about":[{"href":"https:\/\/www.unidroit.org\/fr\/wp-json\/wp\/v2\/types\/page"}],"author":[{"embeddable":true,"href":"https:\/\/www.unidroit.org\/fr\/wp-json\/wp\/v2\/users\/36"}],"replies":[{"embeddable":true,"href":"https:\/\/www.unidroit.org\/fr\/wp-json\/wp\/v2\/comments?post=33240"}],"version-history":[{"count":20,"href":"https:\/\/www.unidroit.org\/fr\/wp-json\/wp\/v2\/pages\/33240\/revisions"}],"predecessor-version":[{"id":39305,"href":"https:\/\/www.unidroit.org\/fr\/wp-json\/wp\/v2\/pages\/33240\/revisions\/39305"}],"up":[{"embeddable":true,"href":"https:\/\/www.unidroit.org\/fr\/wp-json\/wp\/v2\/pages\/33505"}],"wp:attachment":[{"href":"https:\/\/www.unidroit.org\/fr\/wp-json\/wp\/v2\/media?parent=33240"}],"curies":[{"name":"wp","href":"https:\/\/api.w.org\/{rel}","templated":true}]}}