{"id":43475,"date":"2025-07-10T17:21:59","date_gmt":"2025-07-10T15:21:59","guid":{"rendered":"https:\/\/www.unidroit.org\/?page_id=43475"},"modified":"2026-09-02T16:26:25","modified_gmt":"2026-09-02T14:26:25","slug":"programme-international-pour-le-droit-et-le-developpement-pidd-africa-plus-2026","status":"publish","type":"page","link":"https:\/\/www.unidroit.org\/fr\/pidd-page-daccueil\/programme-international-pour-le-droit-et-le-developpement-pidd-africa-plus-2026\/","title":{"rendered":"Programme international pour le droit et le d\u00e9veloppement (PIDD) \u2013 Africa Plus 2026"},"content":{"rendered":"<div class=\"wpb-content-wrapper\" id=\"wpb-content-root\"><p>[vc_row][vc_column width=&#8221;1\/2&#8243;][vc_single_image image=&#8221;40731&#8243; img_size=&#8221;full&#8221; alignment=&#8221;center&#8221;][\/vc_column][vc_column width=&#8221;1\/2&#8243;][vc_single_image image=&#8221;40733&#8243; img_size=&#8221;full&#8221; alignment=&#8221;center&#8221;][\/vc_column][\/vc_row][vc_row][vc_column][vc_column_text]<\/p>\n<p style=\"text-align: center;\"><span style=\"font-size: 18px;\"><strong>Programme international pour le droit et le d\u00e9veloppement (PIDD) \u2013 Africa Plus 2026<\/strong><\/span><\/p>\n<p><strong>De la connaissance \u00e0 l\u2019action: cr\u00e9er une communaut\u00e9 pour le droit et le d\u00e9veloppement<\/strong><\/p>\n<p style=\"text-align: justify;\">Du 5 juin au 2 juillet 2026, UNIDROIT a organis\u00e9 la cinqui\u00e8me \u00e9dition du Programme international pour le droit et le d\u00e9veloppement (PIDD) \u2013 Africa Plus. Ce programme a r\u00e9uni 28 professionnels issus de 19 pays africains pour une exp\u00e9rience intensive d\u2019apprentissage et d\u2019\u00e9changes, comprenant une phase en ligne et trois semaines en pr\u00e9sentiel \u00e0 la Villa Aldobrandini \u00e0 Rome.<\/p>\n<p style=\"text-align: justify;\">S\u00e9lectionn\u00e9s parmi 234 candidatures re\u00e7ues de 34 pays, les 28 participants \u00e0 l\u2019\u00e9dition 2026 t\u00e9moignaient de la remarquable diversit\u00e9 g\u00e9ographique et professionnelle d\u2019Africa Plus. Parmi les participants figuraient des juges, des fonctionnaires, des praticiens du droit, des universitaires et des professionnels engag\u00e9s dans des activit\u00e9s de r\u00e9forme juridique et de d\u00e9veloppement \u00e0 travers le continent.<\/p>\n<p style=\"text-align: justify;\">Soutenue par la Direction g\u00e9n\u00e9rale de la coop\u00e9ration au d\u00e9veloppement du Minist\u00e8re italien des Affaires \u00e9trang\u00e8res et de la Coop\u00e9ration internationale, l\u2019\u00e9dition 2026 s\u2019est d\u00e9roul\u00e9e \u00e0 l\u2019occasion du Centenaire d\u2019UNIDROIT. Elle a combin\u00e9 une formation aux instruments d\u2019UNIDROIT, un dialogue comparatif, des ateliers collaboratifs et l\u2019\u00e9laboration de projets ancr\u00e9s dans les priorit\u00e9s nationales et r\u00e9gionales des participants.<\/p>\n<p style=\"text-align: justify;\">Cette \u00e9dition avait pour particularit\u00e9 de mettre l\u2019accent sur le passage de la connaissance \u00e0 l\u2019action. Tout au long du Programme, les participants ont examin\u00e9 la mani\u00e8re dont les instruments de droit priv\u00e9 peuvent r\u00e9pondre \u00e0 des besoins concrets en mati\u00e8re de d\u00e9veloppement, tout en tissant des liens destin\u00e9s \u00e0 perdurer au sein de la communaut\u00e9 grandissante du PIDD.<\/p>\n<p><strong>Poser les bases: la phase en ligne<\/strong><\/p>\n<p style=\"text-align: justify;\">Le Programme a \u00e9t\u00e9 lanc\u00e9 en ligne le 5 juin par des allocutions prononc\u00e9es par des repr\u00e9sentants d\u2019UNIDROIT et du Minist\u00e8re italien des Affaires \u00e9trang\u00e8res et de la Coop\u00e9ration internationale. Cette c\u00e9r\u00e9monie d\u2019ouverture a inscrit l\u2019\u00e9dition 2026 dans le cadre d\u2019un engagement commun en faveur de la coop\u00e9ration juridique, du renforcement des capacit\u00e9s et de l\u2019utilisation pratique d\u2019instruments harmonis\u00e9s de droit priv\u00e9.<\/p>\n<p style=\"text-align: justify;\">Les sessions th\u00e9matiques en ligne organis\u00e9es du 8 au 11 juin ont constitu\u00e9 une partie int\u00e9grante du parcours de formation. Les participants se sont familiaris\u00e9s avec les principaux domaines d\u2019activit\u00e9 d\u2019UNIDROIT et ont \u00e9t\u00e9 invit\u00e9s \u00e0 les mettre en relation avec les difficult\u00e9s rencontr\u00e9es au sein de leurs propres institutions et syst\u00e8mes juridiques. Ces premiers \u00e9changes ont permis de cr\u00e9er une base commune pour les travaux plus intensifs qui se d\u00e9rouleraient ensuite \u00e0 Rome.<\/p>\n<p style=\"text-align: justify;\">La phase en ligne a \u00e9galement permis aux participants de pr\u00e9senter leur parcours professionnel, leurs centres d\u2019int\u00e9r\u00eat en mati\u00e8re de projets et leur contexte national, jetant ainsi les bases de l\u2019apprentissage entre pairs et de la collaboration interr\u00e9gionale.<\/p>\n<p>[\/vc_column_text][\/vc_column][\/vc_row][vc_row][vc_column][vc_single_image image=&#8221;43481&#8243; img_size=&#8221;full&#8221; alignment=&#8221;center&#8221;][\/vc_column][\/vc_row][vc_row css=&#8221;.vc_custom_1778075047248{margin-top: 0px !important;padding-top: 0px !important;}&#8221;][vc_column][vc_column_text]<\/p>\n<p><strong>\u00c0 Rome: relier les instruments juridiques aux priorit\u00e9s de d\u00e9veloppement<\/strong><\/p>\n<p style=\"text-align: justify;\">La phase en pr\u00e9sentiel a d\u00e9but\u00e9 le 15 juin au si\u00e8ge d\u2019UNIDROIT, \u00e0 la Villa Aldobrandini. Au cours des trois semaines qui ont suivi, les membres du Secr\u00e9tariat d\u2019UNIDROIT et des experts invit\u00e9s ont pr\u00e9sent\u00e9 aux participants les instruments et projets pertinents en mati\u00e8re de droit et de d\u00e9veloppement en Afrique.<\/p>\n<p style=\"text-align: justify;\">Les sessions ont port\u00e9 sur les biens culturels, l\u2019agriculture et le d\u00e9veloppement durable, l\u2019acc\u00e8s au cr\u00e9dit et l\u2019affacturage, l\u2019insolvabilit\u00e9 bancaire et les mesures d\u2019ex\u00e9cution, le droit des investissements et des contrats, ainsi que d\u2019autres domaines dans lesquels des cadres de droit priv\u00e9 bien con\u00e7us peuvent soutenir un d\u00e9veloppement inclusif et durable.<\/p>\n<p style=\"text-align: justify;\">Plut\u00f4t que de traiter ces sujets comme des domaines d\u2019\u00e9tude abstraits, le Programme a encourag\u00e9 les participants \u00e0 examiner comment les instruments internationaux peuvent \u00eatre compris, adapt\u00e9s et mis en \u0153uvre dans diff\u00e9rents contextes nationaux et r\u00e9gionaux. Leur exp\u00e9rience a enrichi les discussions et a permis d\u2019\u00e9tablir un dialogue direct entre les r\u00e8gles juridiques et les pratiques institutionnelles.<\/p>\n<p>[\/vc_column_text][\/vc_column][\/vc_row][vc_row][vc_column][vc_single_image image=&#8221;43484&#8243; img_size=&#8221;full&#8221;][\/vc_column][\/vc_row][vc_row css=&#8221;.vc_custom_1778075047248{margin-top: 0px !important;padding-top: 0px !important;}&#8221;][vc_column][vc_column_text]<\/p>\n<p><strong>Des \u00e9changes \u00e0 la pratique: ateliers et apprentissage collaboratif<\/strong><\/p>\n<p style=\"text-align: justify;\">Les ateliers et les sessions collaboratives ont transform\u00e9 le Programme en un environnement de travail commun. Les participants ont mis \u00e0 l\u2019\u00e9preuve des concepts juridiques \u00e0 la lumi\u00e8re de sc\u00e9narios concrets, ont discut\u00e9 des approches en mati\u00e8re de r\u00e9daction et de mise en \u0153uvre des textes juridiques, et ont explor\u00e9 le r\u00f4le des contrats et des instruments de droit priv\u00e9 pour r\u00e9pondre aux d\u00e9fis li\u00e9s au d\u00e9veloppement.<\/p>\n<p style=\"text-align: justify;\">Des sessions d\u00e9di\u00e9es aux projets ont permis d\u2019affiner les propositions individuelles et collectives avec le soutien des fonctionnaires d\u2019UNIDROIT, d\u2019experts et de pairs. L\u2019analyse comparative, les observations formul\u00e9es et l\u2019acc\u00e8s \u00e0 la Biblioth\u00e8que et aux Archives d\u2019UNIDROIT ont aid\u00e9 les participants \u00e0 renforcer \u00e0 la fois les fondements juridiques et la pertinence pratique de leurs travaux.<\/p>\n<p>Cette combinaison de formation, d\u2019encadrement et d\u2019\u00e9changes entre pairs a permis aux id\u00e9es pr\u00e9sent\u00e9es au d\u00e9but du Programme d\u2019\u00e9voluer vers des initiatives plus structur\u00e9es susceptibles d\u2019\u00eatre poursuivies apr\u00e8s le retour des participants dans leurs institutions et pays respectifs.<\/p>\n<p>[\/vc_column_text][\/vc_column][\/vc_row][vc_row][vc_column width=&#8221;1\/2&#8243;][vc_single_image image=&#8221;43487&#8243; img_size=&#8221;full&#8221;][\/vc_column][vc_column width=&#8221;1\/2&#8243;][vc_single_image image=&#8221;43489&#8243; img_size=&#8221;full&#8221;][\/vc_column][\/vc_row][vc_row css=&#8221;.vc_custom_1778075047248{margin-top: 0px !important;padding-top: 0px !important;}&#8221;][vc_column][vc_column_text]<\/p>\n<p><strong>Diaspora, investissement et partenariats transnationaux<\/strong><\/p>\n<p style=\"text-align: justify;\">Une session sp\u00e9cifique, organis\u00e9e le 29 juin, a explor\u00e9 la contribution des diasporas africaines au d\u00e9veloppement durable ainsi que le r\u00f4le du droit priv\u00e9 pour soutenir un engagement transnational s\u00fbr, transparent et productif.<\/p>\n<p style=\"text-align: justify;\">Cet \u00e9change a r\u00e9uni des participants, la Professeure Maria Chiara Malaguti et M. Bertrand H. Mani Ndongbou. M. Marco Cassinis a pr\u00e9sent\u00e9 les r\u00e9flexions d\u2019ouverture et de conclusion. S\u2019appuyant sur les r\u00e9ponses \u00e0 un questionnaire pr\u00e9paratoire, la session a examin\u00e9 la diaspora non seulement comme une source de ressources financi\u00e8res, mais aussi comme un r\u00e9seau de connaissances, de comp\u00e9tences, de relations professionnelles et de liens institutionnels.<\/p>\n<p style=\"text-align: justify;\">Les participants ont examin\u00e9 les instruments juridiques n\u00e9cessaires aux diff\u00e9rentes \u00e9tapes de l\u2019engagement de la diaspora: de l\u2019information et de la protection des investisseurs individuels \u00e0 la structuration de partenariats et au soutien d\u2019initiatives \u00e0 long terme. Les contrats types, les garanties, la diligence raisonnable, les mesures d\u2019ex\u00e9cution, les modes alternatifs de r\u00e9solution des litiges et les outils pratiques sont apparus comme des domaines importants \u00e0 approfondir.<\/p>\n<p style=\"text-align: justify;\">La session a montr\u00e9 comment le droit priv\u00e9 peut contribuer \u00e0 transformer la confiance, l\u2019expertise et l\u2019engagement en investissements durables et en coop\u00e9ration transfrontali\u00e8re.<\/p>\n<p><strong>Des projets ancr\u00e9s dans les priorit\u00e9s nationales et r\u00e9gionales<\/strong><\/p>\n<p style=\"text-align: justify;\">Au cours de la phase finale du Programme, les participants ont pr\u00e9sent\u00e9 des projets r\u00e9pondant \u00e0 des priorit\u00e9s en mati\u00e8re de droit et de d\u00e9veloppement issues de leurs propres contextes professionnels et institutionnels.<\/p>\n<p style=\"text-align: justify;\">Les propositions refl\u00e9taient la diversit\u00e9 des participants tout en r\u00e9v\u00e9lant un certain nombre de pr\u00e9occupations communes aux diff\u00e9rents syst\u00e8mes juridiques repr\u00e9sent\u00e9s.<\/p>\n<p>Parmi les th\u00e8mes abord\u00e9s figuraient l\u2019acc\u00e8s au cr\u00e9dit et le d\u00e9veloppement des entreprises, l\u2019agriculture et la s\u00e9curit\u00e9 alimentaire, les contrats et l\u2019investissement, la durabilit\u00e9 et la r\u00e9silience, la protection et la restitution des biens culturels, l\u2019harmonisation du droit priv\u00e9 et du droit commercial, ainsi que la mise en \u0153uvre nationale des instruments d\u2019UNIDROIT.<\/p>\n<p style=\"text-align: justify;\">Les pr\u00e9sentations ont illustr\u00e9 l\u2019approche centrale du Programme: la coop\u00e9ration juridique internationale prend tout son sens lorsqu\u2019elle est li\u00e9e aux connaissances locales, aux r\u00e9alit\u00e9s institutionnelles et \u00e0 des voies de mise en \u0153uvre clairement identifi\u00e9es.<\/p>\n<p>[\/vc_column_text][\/vc_column][\/vc_row][vc_row][vc_column][vc_single_image image=&#8221;42706&#8243; img_size=&#8221;full&#8221; alignment=&#8221;center&#8221;][\/vc_column][\/vc_row][vc_row css=&#8221;.vc_custom_1778075047248{margin-top: 0px !important;padding-top: 0px !important;}&#8221;][vc_column][vc_column_text]<\/p>\n<p><strong>C\u00e9l\u00e9brer les r\u00e9sultats obtenus \u00e0 l\u2019occasion du Centenaire d\u2019UNIDROIT<\/strong><\/p>\n<p style=\"text-align: justify;\">Le Programme s\u2019est achev\u00e9 le 2 juillet \u00e0 la Villa Aldobrandini par les pr\u00e9sentations finales des projets et la remise des certificats aux participants. La c\u00e9r\u00e9monie de cl\u00f4ture a salu\u00e9 leur engagement, la qualit\u00e9 des \u00e9changes au cours de ces quatre semaines, ainsi que la contribution des experts et des partenaires institutionnels qui ont permis la mise en \u0153uvre du Programme.<\/p>\n<p style=\"text-align: justify;\">Se d\u00e9roulant dans le cadre des c\u00e9l\u00e9brations du Centenaire d\u2019UNIDROIT, l\u2019\u00e9dition 2026 a offert une occasion privil\u00e9gi\u00e9e de faire le lien entre l\u2019histoire de la coop\u00e9ration juridique internationale de l\u2019Institut et une nouvelle g\u00e9n\u00e9ration de professionnels d\u00e9termin\u00e9s \u00e0 fa\u00e7onner l\u2019avenir du droit et du d\u00e9veloppement.<\/p>\n<p><strong>Au-del\u00e0 du Programme: une communaut\u00e9 du PIDD en plein essor<\/strong><\/p>\n<p style=\"text-align: justify;\">L\u2019ach\u00e8vement de la phase en pr\u00e9sentiel du Programme n\u2019a pas marqu\u00e9 une fin, mais une nouvelle \u00e9tape dans les relations des participants avec UNIDROIT et entre eux.<\/p>\n<p style=\"text-align: justify;\">Gr\u00e2ce \u00e0 la communaut\u00e9 du PIDD, \u00e0 l\u2019annuaire des participants, aux consultations th\u00e9matiques et aux futures activit\u00e9s des anciens participants, les relations nou\u00e9es lors d\u2019Africa Plus peuvent continuer \u00e0 soutenir les \u00e9changes professionnels, le d\u00e9veloppement de projets et la coop\u00e9ration institutionnelle. Les participants sont encourag\u00e9s \u00e0 rester des contributeurs actifs, en partageant leurs exp\u00e9riences nationales, en identifiant des opportunit\u00e9s de collaboration et, \u00e0 terme, en apportant leur expertise aux futures \u00e9ditions.<\/p>\n<p style=\"text-align: justify;\">Africa Plus 2026 a r\u00e9affirm\u00e9 que le PIDD est bien plus qu\u2019un simple programme de renforcement des capacit\u00e9s. Il s\u2019agit d\u2019une plateforme o\u00f9 les connaissances sont partag\u00e9es de mani\u00e8re r\u00e9ciproque, o\u00f9 les instruments juridiques sont mis \u00e0 l\u2019\u00e9preuve au regard des priorit\u00e9s concr\u00e8tes en mati\u00e8re de d\u00e9veloppement et o\u00f9 se construit une communaut\u00e9 interr\u00e9gionale en pleine expansion, fond\u00e9e sur un engagement commun en faveur du droit, de la coop\u00e9ration et du d\u00e9veloppement durable<\/p>\n<p style=\"text-align: center;\"><a href=\"https:\/\/www.unidroit.org\/ipld\/ipld2026-africa-plus-participants\/\"><strong>D\u00e9couvrez les participants \u00e0 l&#8217;\u00e9dition 2026 d&#8217;Africa Plus!<\/strong><\/a><\/p>\n<p>[\/vc_column_text][\/vc_column][\/vc_row]<\/p>\n<\/div>","protected":false},"excerpt":{"rendered":"<p>[vc_row][vc_column width=&#8221;1\/2&#8243;][vc_single_image image=&#8221;40731&#8243; img_size=&#8221;full&#8221; alignment=&#8221;center&#8221;][\/vc_column][vc_column width=&#8221;1\/2&#8243;][vc_single_image image=&#8221;40733&#8243; img_size=&#8221;full&#8221; alignment=&#8221;center&#8221;][\/vc_column][\/vc_row][vc_row][vc_column][vc_column_text] Programme international pour le droit et le d\u00e9veloppement (PIDD) \u2013 Africa Plus 2026 De la connaissance \u00e0 l\u2019action: cr\u00e9er une communaut\u00e9 pour le droit et le d\u00e9veloppement Du 5 juin au 2 juillet 2026, UNIDROIT a&nbsp;<a href=\"https:\/\/www.unidroit.org\/fr\/pidd-page-daccueil\/programme-international-pour-le-droit-et-le-developpement-pidd-africa-plus-2026\/\">&hellip;<\/a><\/p>\n","protected":false},"author":27,"featured_media":0,"parent":24820,"menu_order":0,"comment_status":"closed","ping_status":"closed","template":"","meta":{"ep_exclude_from_search":false,"footnotes":""},"class_list":["post-43475","page","type-page","status-publish","format-standard","hentry","odd"],"_links":{"self":[{"href":"https:\/\/www.unidroit.org\/fr\/wp-json\/wp\/v2\/pages\/43475","targetHints":{"allow":["GET"]}}],"collection":[{"href":"https:\/\/www.unidroit.org\/fr\/wp-json\/wp\/v2\/pages"}],"about":[{"href":"https:\/\/www.unidroit.org\/fr\/wp-json\/wp\/v2\/types\/page"}],"author":[{"embeddable":true,"href":"https:\/\/www.unidroit.org\/fr\/wp-json\/wp\/v2\/users\/27"}],"replies":[{"embeddable":true,"href":"https:\/\/www.unidroit.org\/fr\/wp-json\/wp\/v2\/comments?post=43475"}],"version-history":[{"count":6,"href":"https:\/\/www.unidroit.org\/fr\/wp-json\/wp\/v2\/pages\/43475\/revisions"}],"predecessor-version":[{"id":43651,"href":"https:\/\/www.unidroit.org\/fr\/wp-json\/wp\/v2\/pages\/43475\/revisions\/43651"}],"up":[{"embeddable":true,"href":"https:\/\/www.unidroit.org\/fr\/wp-json\/wp\/v2\/pages\/24820"}],"wp:attachment":[{"href":"https:\/\/www.unidroit.org\/fr\/wp-json\/wp\/v2\/media?parent=43475"}],"curies":[{"name":"wp","href":"https:\/\/api.w.org\/{rel}","templated":true}]}}