{"id":4891,"date":"2021-07-26T10:58:58","date_gmt":"2021-07-26T10:58:58","guid":{"rendered":"https:\/\/www.unidroit.org\/?page_id=4891"},"modified":"2021-09-03T11:08:20","modified_gmt":"2021-09-03T11:08:20","slug":"78eme-session-rome-12-decembre-2019","status":"publish","type":"page","link":"https:\/\/www.unidroit.org\/fr\/reunions\/assemblee-generale\/78eme-session-rome-12-decembre-2019\/","title":{"rendered":"78\u00c8ME SESSION (ROME, 12 D\u00c9CEMBRE 2019)"},"content":{"rendered":"<div class=\"wpb-content-wrapper\"><p>[vc_row][vc_column css=&#8221;.vc_custom_1490017614850{margin-bottom: 30px !important;}&#8221;][vc_custom_heading text=&#8221;78\u00e8me Session<br \/>\n(Rome, 12 d\u00e9cembre 2019)&#8221; font_container=&#8221;tag:h1|text_align:left&#8221; use_theme_fonts=&#8221;yes&#8221; css=&#8221;.vc_custom_1630667288699{margin-top: 0px !important;margin-bottom: 20px !important;}&#8221;][vc_column_text css=&#8221;.vc_custom_1630667334414{padding-top: 35px !important;padding-right: 35px !important;padding-bottom: 35px !important;padding-left: 35px !important;background-color: #f2f2f2 !important;}&#8221;]<\/p>\n<p style=\"text-align: center;\"><strong>Documents <\/strong><strong><br \/>\n<\/strong><\/p>\n<p>&nbsp;<\/p>\n<ul>\n<li><a href=\"https:\/\/www.unidroit.org\/french\/governments\/assemblydocuments\/2019-78session\/ag-78-12-f.pdf\">Rapport\u00a0(A.G. (78) 12)<\/a><\/li>\n<\/ul>\n<p>&nbsp;<\/p>\n<p style=\"text-align: center;\">* \u00a0 \u00a0 \u00a0 \u00a0 \u00a0* \u00a0 \u00a0 \u00a0 \u00a0\u00a0 *<\/p>\n<p>1. Ouverture de la session par le Secr\u00e9taire G\u00e9n\u00e9ral d\u2019UNIDROIT et par le Pr\u00e9sident de l\u2019Assembl\u00e9e<br \/>\nG\u00e9n\u00e9rale pour l\u2019ann\u00e9e 2018-2019<\/p>\n<p>&nbsp;<\/p>\n<p>2. Nomination du Pr\u00e9sident de l\u2019Assembl\u00e9e G\u00e9n\u00e9rale pour l\u2019ann\u00e9e 2019-2020<\/p>\n<p>&nbsp;<\/p>\n<p>3. Adoption de l\u2019ordre du jour\u00a0<a href=\"https:\/\/www.unidroit.org\/french\/governments\/assemblydocuments\/2019-78session\/ag-78-01rev-02-f.pdf\">(A.G. (78) 1 rev. 2)<\/a><\/p>\n<p>[Documents connexes:<br \/>\n&#8211;\u00a0<a href=\"https:\/\/www.unidroit.org\/french\/governments\/financecommitteedocuments\/2019-87session\/fc-87-03-f.pdf\">UNIDROIT 2019 &#8211; F.C.(87)3<\/a>;<br \/>\n&#8211;\u00a0<a href=\"https:\/\/www.unidroit.org\/french\/governments\/assemblydocuments\/2016-75session\/ag75-03-f.pdf\">UNIDROIT 2016 &#8211; A.G.(75)3<\/a>]<\/p>\n<p>&nbsp;<\/p>\n<p>4. Expos\u00e9 sur l\u2019activit\u00e9 de l\u2019Organisation en 2019\u00a0<a href=\"https:\/\/www.unidroit.org\/french\/governments\/assemblydocuments\/2019-78session\/ag-78-02-f.pdf\">(A.G. (78) 2)<\/a><\/p>\n<p>&nbsp;<\/p>\n<p>5. Adoption du Programme de travail de l\u2019Organisation pour la p\u00e9riode triennale 2020 \u2013 2022<br \/>\n<a href=\"https:\/\/www.unidroit.org\/french\/governments\/assemblydocuments\/2019-78session\/ag-78-03-f.pdf\">(A.G. (78) 3)<\/a><\/p>\n<p>[Documents connexes:<br \/>\n&#8211;\u00a0<a href=\"https:\/\/www.unidroit.org\/french\/governments\/councildocuments\/2019session\/cd-98-14-rev-f.pdf\">UNIDROIT 2019 &#8211; C.D. (98) 14 r\u00e9v.<\/a>;<br \/>\n&#8211;\u00a0<a href=\"https:\/\/www.unidroit.org\/french\/governments\/councildocuments\/2019session\/cd-98-17-f.pdf\">UNIDROIT 2019 &#8211; C.D. (98) 17<\/a>;<br \/>\n&#8211;\u00a0<a href=\"https:\/\/www.unidroit.org\/french\/governments\/councildocuments\/2019session\/cd-98-misc02-f.pdf\">UNIDROIT 2019 &#8211; C.D. (98) Misc. 2<\/a>]<\/p>\n<p>&nbsp;<\/p>\n<p>6. Modifications d\u00e9finitives du Budget et approbation des Comptes pour l\u2019exercice financier 2018<br \/>\n<a href=\"https:\/\/www.unidroit.org\/french\/governments\/assemblydocuments\/2019-78session\/ag-78-04-f.pdf\">(A.G. (78) 4)<\/a><\/p>\n<p>&nbsp;<\/p>\n<p>7. Ajustements au Budget de l\u2019exercice financier 2019 (A.G. (78) 5)<\/p>\n<p>[Documents connexes:<br \/>\n&#8211;\u00a0<a href=\"https:\/\/www.unidroit.org\/french\/governments\/assemblydocuments\/2018-77session\/ag-77-07-f.pdf\">UNIDROIT 2018 \u2013 A.G. (77) 7<\/a>;<br \/>\n&#8211;\u00a0<a href=\"https:\/\/www.unidroit.org\/french\/governments\/financecommitteedocuments\/2019-87session\/fc-87-02-f.pdf\">UNIDROIT 2019 \u2013 F.C. (87) 2<\/a>;<br \/>\n&#8211;\u00a0<a href=\"https:\/\/www.unidroit.org\/french\/governments\/financecommitteedocuments\/2019-87session\/fc-87-03-f.pdf\">UNIDROIT 2019 \u2013 F.C. (87) 3<\/a>]<\/p>\n<p>&nbsp;<\/p>\n<p>8. Arri\u00e9r\u00e9s de contributions des Etats membres\u00a0<a href=\"https:\/\/www.unidroit.org\/french\/governments\/assemblydocuments\/2019-78session\/ag-78-06rev-f.pdf\">(A.G. (78) 6 rev.)<\/a><\/p>\n<p>&nbsp;<\/p>\n<p>9. Rapport du Pr\u00e9sident de la Commission des Finances sur sa 87\u00e8me session\u00a0<a href=\"https:\/\/www.unidroit.org\/french\/governments\/financecommitteedocuments\/2019-87session\/fc-87-09-f.pdf\">(F.C. (87) 9)<\/a><br \/>\net adoption du Tableau des contributions\u00a0<a href=\"https:\/\/www.unidroit.org\/french\/governments\/assemblydocuments\/2019-78session\/ag-78-11rev-f.pdf\">(A.G. (78) 11 rev.)<\/a><\/p>\n<p>[Documents connexes:<br \/>\n&#8211;\u00a0<a href=\"https:\/\/www.unidroit.org\/english\/presentation\/statute.pdf\">Statut organique d\u2019UNIDROIT<\/a>;<br \/>\n&#8211;\u00a0<a href=\"https:\/\/www.unidroit.org\/french\/governments\/assemblydocuments\/2018-77session\/ag-77-09-f.pdf\">UNIDROIT 2018 &#8211; A.G. (77) 9<\/a>;<br \/>\n&#8211;\u00a0<a href=\"https:\/\/www.unidroit.org\/french\/governments\/financecommitteedocuments\/2019-86session\/fc-86-03-f.pdf\">UNIDROIT 2018 &#8211; F.C. (86) 3<\/a>;<br \/>\n&#8211;\u00a0<a href=\"https:\/\/www.unidroit.org\/french\/governments\/financecommitteedocuments\/2019-86session\/fc-86-06-f.pdf\">UNIDROIT 2018 &#8211; F.C. (86) 6<\/a>;<br \/>\n&#8211;\u00a0<a href=\"https:\/\/www.unidroit.org\/french\/governments\/financecommitteedocuments\/2019-87session\/fc-87-08-f.pdf\">UNIDROIT 2019 &#8211; F.C. (87) 8<\/a>;<br \/>\n&#8211;\u00a0<a href=\"https:\/\/www.unidroit.org\/french\/governments\/financecommitteedocuments\/2019-87session\/fc-87-09-f.pdf\">UNIDROIT 2019 &#8211; F.C. (87) 9<\/a>]<\/p>\n<p>&nbsp;<\/p>\n<p>10. Approbation du projet de Budget pour 2020 et fixation des contributions des Etats membres<br \/>\npour cet exercice financier\u00a0<a href=\"https:\/\/www.unidroit.org\/french\/governments\/assemblydocuments\/2019-78session\/ag-78-07-f.pdf\">(A.G. (78) 7)<\/a><\/p>\n<p>[Document connexe:\u00a0<a href=\"https:\/\/www.unidroit.org\/french\/governments\/financecommitteedocuments\/2019-87session\/fc-87-06-f.pdf\">UNIDROIT 2019 \u2013 F.C. (87) 6<\/a>]<\/p>\n<p>&nbsp;<\/p>\n<p>11. Nomination des membres du Tribunal administratif\u00a0<a href=\"https:\/\/www.unidroit.org\/french\/governments\/assemblydocuments\/2019-78session\/ag-78-08-f.pdf\">(A.G. (78) 8)<\/a><\/p>\n<p>&nbsp;<\/p>\n<p>12. Nomination du Commissaire aux comptes\u00a0<a href=\"https:\/\/www.unidroit.org\/french\/governments\/assemblydocuments\/2019-78session\/ag-78-09-f.pdf\">(A.G. (78) 9)<\/a><\/p>\n<p>&nbsp;<\/p>\n<p>13. Mise \u00e0 jour des nouveaux syst\u00e8mes de r\u00e9mun\u00e9ration et de s\u00e9curit\u00e9 sociale appliqu\u00e9s au<br \/>\npersonnel d\u2019UNIDROIT\u00a0<a href=\"https:\/\/www.unidroit.org\/french\/governments\/assemblydocuments\/2019-78session\/ag-78-10-f.pdf\">(A.G. (78) 10)<\/a><\/p>\n<p>[Documents connexes:<br \/>\n&#8211;\u00a0<a href=\"https:\/\/www.unidroit.org\/english\/governments\/financecommitteedocuments\/2019-87session\/fc-87-07-e.pdf\">UNIDROIT 2019 &#8211; F.C. (87) 7<\/a>;<br \/>\n&#8211;\u00a0<a href=\"https:\/\/www.unidroit.org\/english\/governments\/financecommitteedocuments\/2019-87session\/fc-87-09-e.pdf\">UNIDROIT 2019 &#8211; F.C. (87) 9<\/a>]<\/p>\n<p>&nbsp;<\/p>\n<p>14. Divers.[\/vc_column_text][\/vc_column][\/vc_row]<\/p>\n<\/div>","protected":false},"excerpt":{"rendered":"<p>[vc_row][vc_column css=&#8221;.vc_custom_1490017614850{margin-bottom: 30px !important;}&#8221;][vc_custom_heading text=&#8221;78\u00e8me Session (Rome, 12 d\u00e9cembre 2019)&#8221; font_container=&#8221;tag:h1|text_align:left&#8221; use_theme_fonts=&#8221;yes&#8221; css=&#8221;.vc_custom_1630667288699{margin-top: 0px !important;margin-bottom: 20px !important;}&#8221;][vc_column_text css=&#8221;.vc_custom_1630667334414{padding-top: 35px !important;padding-right: 35px !important;padding-bottom: 35px !important;padding-left: 35px !important;background-color: #f2f2f2 !important;}&#8221;] Documents &nbsp; Rapport\u00a0(A.G. (78) 12) &nbsp; * \u00a0 \u00a0 \u00a0 \u00a0 \u00a0* \u00a0 \u00a0 \u00a0 \u00a0\u00a0 *&nbsp;<a href=\"https:\/\/www.unidroit.org\/fr\/reunions\/assemblee-generale\/78eme-session-rome-12-decembre-2019\/\">&hellip;<\/a><\/p>\n","protected":false},"author":20,"featured_media":0,"parent":4888,"menu_order":0,"comment_status":"closed","ping_status":"closed","template":"","meta":{"ep_exclude_from_search":false,"footnotes":""},"class_list":["post-4891","page","type-page","status-publish","format-standard","hentry","odd"],"_links":{"self":[{"href":"https:\/\/www.unidroit.org\/fr\/wp-json\/wp\/v2\/pages\/4891","targetHints":{"allow":["GET"]}}],"collection":[{"href":"https:\/\/www.unidroit.org\/fr\/wp-json\/wp\/v2\/pages"}],"about":[{"href":"https:\/\/www.unidroit.org\/fr\/wp-json\/wp\/v2\/types\/page"}],"author":[{"embeddable":true,"href":"https:\/\/www.unidroit.org\/fr\/wp-json\/wp\/v2\/users\/20"}],"replies":[{"embeddable":true,"href":"https:\/\/www.unidroit.org\/fr\/wp-json\/wp\/v2\/comments?post=4891"}],"version-history":[{"count":0,"href":"https:\/\/www.unidroit.org\/fr\/wp-json\/wp\/v2\/pages\/4891\/revisions"}],"up":[{"embeddable":true,"href":"https:\/\/www.unidroit.org\/fr\/wp-json\/wp\/v2\/pages\/4888"}],"wp:attachment":[{"href":"https:\/\/www.unidroit.org\/fr\/wp-json\/wp\/v2\/media?parent=4891"}],"curies":[{"name":"wp","href":"https:\/\/api.w.org\/{rel}","templated":true}]}}