{"id":5139,"date":"2021-08-02T12:39:25","date_gmt":"2021-08-02T12:39:25","guid":{"rendered":"https:\/\/www.unidroit.org\/?page_id=5139"},"modified":"2026-02-09T10:44:49","modified_gmt":"2026-02-09T09:44:49","slug":"execution-meilleures-pratiques","status":"publish","type":"page","link":"https:\/\/www.unidroit.org\/fr\/travaux-en-cours\/execution-meilleures-pratiques\/","title":{"rendered":"Ex\u00e9cution: meilleures pratiques"},"content":{"rendered":"<div class=\"wpb-content-wrapper\"><p>[vc_row][vc_column css=&#8221;.vc_custom_1490017614850{margin-bottom: 30px !important;}&#8221;][vc_custom_heading text=&#8221;EX\u00c9CUTION: MEILLEURES PRATIQUES&#8221; font_container=&#8221;tag:h1|text_align:left&#8221; use_theme_fonts=&#8221;yes&#8221; css=&#8221;.vc_custom_1627907984327{margin-top: 0px !important;margin-bottom: 20px !important;}&#8221;][vc_custom_heading text=&#8221;\u00c9TUDE LXXVI B : MEILLEURES PRATIQUES POUR DES PROC\u00c9DURES D\u2019EX\u00c9CUTION EFFICACES&#8221; font_container=&#8221;tag:h4|text_align:left&#8221; use_theme_fonts=&#8221;yes&#8221;][vc_single_image image=&#8221;12577&#8243; img_size=&#8221;full&#8221; alignment=&#8221;center&#8221;][\/vc_column][\/vc_row][vc_row css=&#8221;.vc_custom_1622455036974{background-color: #f2f2f2 !important;}&#8221;][vc_column css=&#8221;.vc_custom_1490017614850{margin-bottom: 30px !important;}&#8221;][vc_column_text css=&#8221;.vc_custom_1644500368594{padding-right: 35px !important;padding-left: 35px !important;background-color: #f2f2f2 !important;}&#8221;]<strong>Historique du projet<\/strong><\/p>\n<p>&nbsp;<\/p>\n<p style=\"text-align: justify;\">En d\u00e9cembre 2018, le Secr\u00e9tariat a re\u00e7u une proposition de la Banque mondiale pour le Programme de travail 2020-2022 concernant un projet sur la \u201cPr\u00e9paration d\u2019un document de travail pour d\u00e9finir les meilleures pratiques en mati\u00e8re d\u2019ex\u00e9cution des cr\u00e9ances\u201d. Le Secr\u00e9tariat l\u2019a pr\u00e9sent\u00e9 lors de la discussion sur le Programme de travail 2020-2022, \u00e0 la 98<sup>\u00e8me<\/sup> session du Conseil de Direction, comme \u00e9tant une continuation et en m\u00eame temps un ajustement du champ d\u2019application du projet sur les\u00a0\u201c<a href=\"https:\/\/www.unidroit.org\/fr\/travaux-anterieurs\">Principes de proc\u00e9dures effectives d\u2019ex\u00e9cution<\/a>\u201d,\u00a0qui faisait d\u00e9j\u00e0 partie du Programme de travail 2017-2019. Le projet a \u00e9t\u00e9 inclus dans le nouveau Programme de travail par l\u2019Assembl\u00e9e G\u00e9n\u00e9rale\u00a0(<a href=\"https:\/\/www.unidroit.org\/french\/governments\/assemblydocuments\/2019-78session\/ag-78-12-f.pdf\">A.G. (78) 12<\/a>,\u00a0paras. 41 et 51, et\u00a0<a href=\"https:\/\/www.unidroit.org\/french\/governments\/assemblydocuments\/2019-78session\/ag-78-03-f.pdf\">A.G. (78) 3<\/a>),\u00a0confirmant la recommandation du Conseil de Direction\u00a0(<a href=\"https:\/\/www.unidroit.org\/french\/governments\/councildocuments\/2019session\/cd-98-17-f.pdf\">C.D. (98) 17<\/a>,\u00a0para. 245). Bien qu\u2019il y ait eu un accord substantiel sur l\u2019importance du sujet et sur l\u2019impact juridique, social et \u00e9conomique des travaux \u00e0 mener, il a \u00e9t\u00e9 demand\u00e9 au Secr\u00e9tariat de pr\u00e9ciser la port\u00e9e du projet \u00e0 pr\u00e9senter lors de la 99<sup>\u00e8me<\/sup> session du Conseil de Direction en 2020.<\/p>\n<p>[\/vc_column_text][\/vc_column][\/vc_row][vc_row][vc_column][vc_tta_accordion active_section=&#8221;&#8221; collapsible_all=&#8221;true&#8221;][vc_tta_section title=&#8221;CONSULTATIONS ET TRAVAUX EXPLORATOIRES&#8221; tab_id=&#8221;1644499450056-224bf4ba-4660&#8243;][vc_column_text]<strong>Proc\u00e9dure de consultation<\/strong><\/p>\n<p>Lors de la premi\u00e8re r\u00e9union de la 99<sup>\u00e8me<\/sup> session du Conseil de Direction tenue \u00e0 distance en avril\/mai 2020, les membres du Conseil ont formul\u00e9 des commentaires sur le document r\u00e9vis\u00e9 du Secr\u00e9tariat\u00a0(<a href=\"https:\/\/www.unidroit.org\/french\/governments\/councildocuments\/2020session\/cd-99-a-03-f.pdf\">C.D. (99) A.3<\/a>)\u00a0et ont autoris\u00e9 la mise en place d\u2019une proc\u00e9dure de consultation pour recevoir des commentaires d\u2019experts sur les questions soulev\u00e9es\u00a0(<a href=\"https:\/\/www.unidroit.org\/french\/governments\/councildocuments\/2020session\/cd-99-a-08-f.pdf\">C.D. (99) A.8<\/a>).<\/p>\n<p>En r\u00e9ponse \u00e0 ce mandat, le Secr\u00e9tariat d\u2019UNIDROIT a \u00e9labor\u00e9 un\u00a0<a href=\"https:\/\/www.unidroit.org\/english\/documents\/2020\/study76b\/s-76b-02-e.pdf\">document de consultation<\/a>\u00a0(en anglais seulement) contenant, dans sa Partie V, une s\u00e9rie de questions bas\u00e9es sur les commentaires re\u00e7us pendant la session \u00e0 distance du Conseil. Le document a \u00e9t\u00e9 con\u00e7u pour mieux d\u00e9finir les orientations les plus appropri\u00e9es pour le futur Groupe de travail afin de d\u00e9terminer le type d\u2019instrument envisag\u00e9 et la port\u00e9e du projet, et a servi de base \u00e0 une premi\u00e8re s\u00e9rie de consultations \u00e0 distance avec des experts et des organisations internationales s\u00e9lectionn\u00e9s.<\/p>\n<p>Tous les participants au processus de consultation ont reconnu l\u2019importance fondamentale des proc\u00e9dures et des m\u00e9canismes d\u2019ex\u00e9cution efficace des cr\u00e9ances, tant dans les situations transnationales que dans les proc\u00e9dures civiles nationales, en tenant compte de la n\u00e9cessit\u00e9 d\u2019assurer une protection juridique efficace des droits contractuels. Ils sont \u00e9galement convenus de l\u2019existence de nombreux d\u00e9fis en mati\u00e8re d\u2019ex\u00e9cution dans la plupart des juridictions et de l\u2019absence, \u00e0 l\u2019heure actuelle, d\u2019un instrument international complet et suffisamment d\u00e9taill\u00e9 fournissant des orientations aux l\u00e9gislateurs nationaux pour les surmonter. Certains experts ont express\u00e9ment \u00e9voqu\u00e9 la n\u00e9cessit\u00e9 de garantir non seulement le droit des cr\u00e9anciers \u00e0 une ex\u00e9cution effective, mais \u00e9galement une protection juridique suffisante des d\u00e9biteurs, ce qui \u00e9tait \u00e9galement consid\u00e9r\u00e9 comme une condition pr\u00e9alable au bon fonctionnement des pr\u00eats et des march\u00e9s financiers. Enfin, les experts ont g\u00e9n\u00e9ralement soutenu l\u2019approche de base contenue dans le document de consultation pr\u00e9sent\u00e9 par le Secr\u00e9tariat tout en apportant une contribution tr\u00e8s utile en ce qui concerne les questions sp\u00e9cifiques pos\u00e9es.<\/p>\n<p><strong>Atelier exploratoire interne \u2013 21 septembre 2020<\/strong><\/p>\n<p>Le Secr\u00e9tariat a organis\u00e9 un\u00a0<a href=\"https:\/\/www.unidroit.org\/english\/news\/2020\/200921-effective-enforcement\/programme-e.pdf\">atelier interne le 21 septembre 2020<\/a>\u00a0(en anglais seulement), avant la deuxi\u00e8me r\u00e9union (hybride, \u00e0 savoir \u00e0 distance et en pr\u00e9sentiel) du Conseil de Direction lors de sa 99<sup>\u00e8me<\/sup> session. L\u2019atelier a b\u00e9n\u00e9fici\u00e9 de la contribution d\u2019experts de diff\u00e9rents horizons, d\u2019organisations internationales travaillant dans ce domaine et de membres du Conseil de Direction d\u2019UNIDROIT, en particulier sur la d\u00e9termination des orientations les plus appropri\u00e9es pour un futur Groupe de travail sur la port\u00e9e du projet et sur l\u2019impact de la technologie sur l\u2019ex\u00e9cution. L\u2019ordre du jour de l\u2019atelier est disponible ici (en anglais seulement).[\/vc_column_text][\/vc_tta_section][vc_tta_section title=&#8221;GROUPE DE TRAVAIL: COMPOSITION ET REUNIONS&#8221; tab_id=&#8221;1644499450080-3b7fca3e-5785&#8243;][vc_column_text css=&#8221;&#8221;]<strong>Deuxi\u00e8me r\u00e9union de la 99<sup>\u00e8me<\/sup> session du Conseil de Direction (23-25 septembre 2020)<\/strong><\/p>\n<p>Lors de la deuxi\u00e8me r\u00e9union de sa 99<sup>\u00e8me<\/sup> session, le Conseil de Direction a examin\u00e9 le document pr\u00e9sent\u00e9 par le Secr\u00e9tariat\u00a0(<a href=\"https:\/\/www.unidroit.org\/french\/governments\/councildocuments\/2020session\/cd-99-b\/cd-99-b-03-f.pdf\">CD (99) B.3<\/a>)\u00a0et approuv\u00e9 les directives fournies par le Secr\u00e9tariat concernant la port\u00e9e propos\u00e9e du projet, a confirm\u00e9 le statut de haute priorit\u00e9 attribu\u00e9 au projet et autoris\u00e9 la cr\u00e9ation d\u2019un Groupe de travail.<\/p>\n<p>&nbsp;<\/p>\n<p><strong>Le Groupe de travail sur les Meilleures pratiques pour des proc\u00e9dures d\u2019ex\u00e9cution efficaces est compos\u00e9 comme suit\u00a0:<\/strong><\/p>\n<ul>\n<li>Mme Kathryn SABO (Pr\u00e9sidente) &#8211; Directrice g\u00e9n\u00e9rale adjointe &amp; Avocate g\u00e9n\u00e9rale, Equipe de droit priv\u00e9 international, Section du droit international, administratif et constitutionnel, Minist\u00e8re de la Justice (Canada)<\/li>\n<li>M. Jason Grant ALLEN (jusqu&#8217;en 2022) &#8211; Chercheur principal, Humboldt-Universit\u00e4t zu Berlin Centre for British Studies, Berlin (ressortissant australien)<\/li>\n<li>M. John SORABJI (\u00e0 partir du septembre 2023) \u2013 Associate Professor, Faculty of Law, University College London (Royaume-Uni)<\/li>\n<li>M. Neil COHEN &#8211; Professeur de droit Chaire Jeffrey D. Forchelli, Brooklyn Law School \u00a0(\u00c9tats-Unis d\u2019Am\u00e9rique)<\/li>\n<li>Mme Valeria CONFORTINI, Professeure de droit, Universit\u00e9 de Naples, L&#8217;Orientale (Italie)<\/li>\n<li>M. \u00a0Fernando GASC\u00d3N INCHAUSTI &#8211; Professeur, D\u00e9partement de droit criminel et proc\u00e9dural, Facult\u00e9 de droit, Law Universidad Complutense de Madrid (Espagne)<\/li>\n<li>M. HE Qisheng (jusqu&#8217;en mai 2023) &#8211; Professeur de droit international, Universit\u00e9 de Beijing (Chine)<\/li>\n<li>M. LIU Junbo (\u00e0 partir du mai 2023) \u2013 Associated Professor, China University of Political Science and Law (Chine)<\/li>\n<li>Mme Carla L. REYES (jusqu&#8217;en 2023) &#8211; Professeure de droit , SMU Dedman School of Law, Dallas (\u00c9tats-Unis d\u2019Am\u00e9rique)<\/li>\n<li>M. F\u00e1bio ROCHA PINTO E SILVA &#8211; Pinheiro Neto Advogados, S\u00e3o Paulo (Br\u00e9sil)<\/li>\n<li>Mme Teresa RODRIGUEZ DE LAS HERAS BALLELL Professeure adjointe de droit commercial, Universidad Carlos III Madrid (Espagne)<\/li>\n<li>Mme Genevi\u00e8ve SAUMIER &#8211; Professeure de droit Chaire Peter M. Laing Q.C., Facult\u00e9 de droit, McGill University (Canada)<\/li>\n<li>M. Felix STEFFEK &#8211; Professeur agr\u00e9g\u00e9, Co-Directeur <em>Centre for Corporate and Commercial Law, <\/em>Facult\u00e9 de Droit, Universit\u00e9 de Cambridge (ressortissant allemand)<\/li>\n<li>M. \u00a0Rolf ST\u00dcRNER &#8211; Professeur \u00e9m\u00e9rite de droit, Albert-Ludwigs-Universit\u00e4t Freiburg (Allemagne)<\/li>\n<\/ul>\n<p><strong>Le Groupe de travail compte \u00e9galement des observateurs institutionnels:<\/strong><\/p>\n<ul>\n<li style=\"text-align: justify;\">Association internationale des sciences juridiques (Prof. dr. J.H.M. (Sjef) van Erp, Professeur (em.) de droit civil et de droit priv\u00e9 europ\u00e9en, Universit\u00e9 de Maastricht (Pays-Bas), Professeur invit\u00e9, Universit\u00e9 de Trento (Italie) et Secr\u00e9taire g\u00e9n\u00e9ral de l&#8217;Association internationale des sciences juridiques, IALS)<\/li>\n<li>Banque europ\u00e9enne pour la reconstruction et le d\u00e9veloppement\u00a0 (Mme Catherine BRIDGE ZOLLER, Senior Counsel, et Mme Veronica BRADAUTANU \u2013 participant en qualit\u00e9 d\u2019experte ind\u00e9pendante depuis 2022)<\/li>\n<li>Centre juridique national Kozolchyk (NatLaw) (M. Spyridon BAZINAS, Conseiller principal)<\/li>\n<li>Commission europ\u00e9nne (DG JUST)<\/li>\n<li>Conf\u00e9rence La Haye de droit \u00a0international priv\u00e9 (Mme Ning ZHAO, Collaboratrice juridique senior)<\/li>\n<li>Commission des Nations unies pour le droit commercial international (M. Jose Angelo ESTRELLA-FARIA, Fonctionnaire juridique principal et Directeur, Section juridique, Division droit du commerce international, Bureau des affaires juridiques, M. Alexander KUNZELMANN, Fonctionnaire juridique, CNUDCI, et M. Thomas TRASCHLER, Fonctionnaire juridique, jusqu&#8217;en 2021; Mme Samira MUSAYEVA, Fonctionnaire juridique, CNUDCI)<\/li>\n<li>Cour supr\u00eame populaire de Chine (Mme ZHU Ke, Juge, Chine)<\/li>\n<li>Groupe Banque mondiale (Mme Nina PAVLOVA MOCHEVA, Senior Financial Sector Specialist, Finance, Competitiveness &amp; Innovation Global Practice, et M. Klaus DECKER, Senior Public Sector Specialist)<\/li>\n<li>Institut de droit europ\u00e9en \u00a0(Mme Xandra KRAMER, Universit\u00e9 de Rotterdam et M. Paul OBERHAMMER, Universit\u00e9 de Vienne)<\/li>\n<li>Institut Max Planck de Luxembourg pour le droit proc\u00e9dural \u00a0international, europ\u00e9en et r\u00e8glementaire (M. Burkard HESS, Fondateur et Directeur, Professeur de droit civil, proc\u00e9dure civile, de droit international priv\u00e9)<\/li>\n<li style=\"text-align: justify;\">Organisation des \u00c9tats am\u00e9ricains (Jeannette Tramhel, ancienne Fonctionnaire principale, D\u00e9partement du droit international, Secr\u00e9tariat aux affaires juridiques, OEA)<\/li>\n<li>Secured Finance Network (M. Richard KOHN, Goldberg\u00a0Kohn\u00a0Ltd.)<\/li>\n<li>Union Internationale Huissiers de Justice (M. Jos UITDEHAAG, Secr\u00e9taire, UIHJ)<\/li>\n<li>Zemgale Regional Court (Mme L\u012bna LONTONE, Lettonie)<\/li>\n<\/ul>\n<p>&nbsp;<\/p>\n<p><strong>Observateurs ind\u00e9pendants:<\/strong><\/p>\n<ul>\n<li style=\"text-align: justify;\">Mr Carlos RIA\u00d1O, Confec\u00e1meras, Colombia<\/li>\n<li style=\"text-align: justify;\">Ms Diana Lucia TALERO, Secretaria T\u00e9cnica \u2013 Comit\u00e9 de Implementaci\u00f3n de Garant\u00edas Mobiliarias, Colombia<\/li>\n<\/ul>\n<p>&nbsp;<\/p>\n<p><strong>Premi\u00e8re r\u00e9union du Groupe de travail<\/strong><\/p>\n<p>La premi\u00e8re r\u00e9union du Groupe de travail s\u2019est tenue \u00e0 Rome et sur Zoom du 30 novembre au 2 d\u00e9cembre 2020.<\/p>\n<ul>\n<li><a href=\"https:\/\/www.unidroit.org\/english\/news\/2020\/201130-effective-enforc\/programme-e.pdf\">Study LXXVIB \u2013 W.G.1 \u2013 Doc. 1 rev.<\/a>: Draft Agenda (anglais seulement)<\/li>\n<li><a href=\"https:\/\/www.unidroit.org\/english\/documents\/2020\/study76b\/wg-01\/s-76b-wg-01-02-e.pdf\">Study LXXVIB \u2013 W.G.1 \u2013 Doc. 2<\/a>: Issues Paper (anglais seulement)<\/li>\n<li><a href=\"https:\/\/www.unidroit.org\/english\/documents\/2020\/study76b\/wg-01\/s-76b-wg-01-04-e.pdf\">Study LXXVIB \u2013 W.G.1 \u2013 Doc. 4<\/a>: Report (anglais seulement)<\/li>\n<\/ul>\n<p>&nbsp;<\/p>\n<p><strong>Deuxi\u00e8me r\u00e9union du Groupe de travail \u00a0<\/strong><\/p>\n<p>Du 20 au 22 avril 2021, le Groupe de travail sur les meilleures pratiques pour une ex\u00e9cution efficace, pr\u00e9sid\u00e9 par Kathryn Sabo, membre du Conseil de Direction, s&#8217;est r\u00e9uni via Zoom pour discuter des r\u00e9sultats des travaux intersessionnels particuli\u00e8rement fructueux entrepris par ses membres et observateurs depuis la premi\u00e8re session (30 novembre &#8211; 2 d\u00e9cembre 2020). Apr\u00e8s une pr\u00e9sentation g\u00e9n\u00e9rale de l&#8217;avancement du projet, les trois sous-groupes sur: l&#8217;ex\u00e9cution &#8220;post-adjudication&#8221;, l&#8217;ex\u00e9cution des cr\u00e9ances garanties et sur l&#8217;impact de la technologie sur l&#8217;ex\u00e9cution, ont pr\u00e9sent\u00e9 leurs rapports, qui ont \u00e9t\u00e9 suivis de discussions tr\u00e8s fructueuses. Le Rapport de la deuxi\u00e8me session sera disponible en ligne en temps voulu, la troisi\u00e8me session \u00e9tant provisoirement pr\u00e9vue du 29 novembre au 1er d\u00e9cembre 2021.<\/p>\n<ul>\n<li><a href=\"https:\/\/www.unidroit.org\/english\/documents\/2021\/study76b\/wg02\/s-76b-wg02-01-e.pdf\">Study LXXVIB \u2013 W.G.2 \u2013 Doc. 1<\/a>: Draft Agenda (anglais seulement)<\/li>\n<li><a href=\"https:\/\/www.unidroit.org\/english\/documents\/2021\/study76b\/wg02\/s-76b-wg02-02-e.pdf\">Study LXXVIB \u2013 W.G.2 \u2013 Doc. 2<\/a>: Secretariat\u2019s Report (anglais seulement)<\/li>\n<li><a href=\"https:\/\/www.unidroit.org\/english\/documents\/2021\/study76b\/wg02\/s-76b-wg02-06-e.pdf\">Study LXXVIB \u2013 W.G.2 \u2013 Doc. 6<\/a>: Report of the Session (anglais seulement)<\/li>\n<\/ul>\n<p>&nbsp;<\/p>\n<p><strong>Troisi\u00e8me r\u00e9union du Groupe de travail<\/strong><\/p>\n<p><strong>\u00a0<\/strong>Les 29 et 30 novembre et le 1er d\u00e9cembre 2021, le Groupe de travail sur les Meilleures pratiques pour des proc\u00e9dures d\u2019ex\u00e9cution efficaces, pr\u00e9sid\u00e9 par Kathryn Sabo, membre du Conseil de Direction, s\u2019est r\u00e9uni au si\u00e8ge d\u2019UNIDROIT \u00e0 Rome et via Zoom pour discuter des r\u00e9sultats des travaux intersessions entrepris par ses membres et observateurs depuis la deuxi\u00e8me session.<\/p>\n<p>Apr\u00e8s une pr\u00e9sentation g\u00e9n\u00e9rale de l\u2019\u00e9tat d&#8217;avancement du projet, le Groupe de travail s\u2019est pench\u00e9 sur les questions d\u2019ex\u00e9cution des cr\u00e9ances mon\u00e9taires par des titres de cr\u00e9ance de tiers, y compris les meilleures pratiques provisoires concernant l&#8217;impact de l&#8217;automatisation. Il a ensuite discut\u00e9 des ordres d\u2019imputation sur les terrains et de certains aspects d\u2019ex\u00e9cution complexe concernant des types sp\u00e9ciaux de biens. En ce qui concerne l\u2019ex\u00e9cution des cr\u00e9ances garanties, le Groupe de travail a examin\u00e9 un projet de meilleures pratiques relatives aux s\u00fbret\u00e9s sur les cr\u00e9ances, la disposition des cr\u00e9ances garanties (collat\u00e9ral) et la modification par les parties des r\u00e8gles r\u00e9gissant l\u2019ex\u00e9cution d\u2019une garantie.<\/p>\n<ul>\n<li><a href=\"https:\/\/www.unidroit.org\/wp-content\/uploads\/2021\/12\/WG.3-Doc.1-agenda.pdf\">Study LXXVIB &#8211; W.G. 3 &#8211; Doc. 1<\/a>: Ordre du jour (en anglais)<\/li>\n<li><a href=\"https:\/\/www.unidroit.org\/wp-content\/uploads\/2022\/02\/Doc.-6-Draft-Report-third-session-of-the-WG.pdf\">Study LXXVIB &#8211; W.G. 3 &#8211; Doc. 6<\/a>: Rapport (en anglais)<\/li>\n<\/ul>\n<p>&nbsp;<\/p>\n<p><strong>Quatri\u00e8me r\u00e9union du Groupe de travail<\/strong><\/p>\n<p style=\"text-align: justify;\">Du 26 au 28 avril 2022, le Groupe de travail sur les Meilleures pratiques\u00a0 pour des proc\u00e9dures d\u2019ex\u00e9cution efficaces, pr\u00e9sid\u00e9 par Kathryn Sabo, membre du Conseil de Direction, s\u2019est r\u00e9uni au si\u00e8ge d\u2019UNIDROIT \u00e0 Rome et \u00e0 distance pour discuter des r\u00e9sultats des travaux intersessions entrepris par ses membres et observateurs depuis la troisi\u00e8me session.<\/p>\n<p style=\"text-align: justify;\">Apr\u00e8s une pr\u00e9sentation sur l\u2019\u00e9tat d\u2019avancement du projet et un compte rendu sur les r\u00e9unions et ateliers intersessions, le Groupe de travail a trait\u00e9 du projet sur les meilleures pratiques concernant l\u2019ex\u00e9cution par voie d\u2019autorit\u00e9, l\u2019ex\u00e9cution sur les actifs num\u00e9riques, les questions relatives aux ventes aux ench\u00e8res en ligne, et une mise \u00e0 jour du projet sur les meilleures pratiques concernant l\u2019ex\u00e9cution des s\u00fbret\u00e9s. Le Groupe de travail a \u00e9galement examin\u00e9 l\u2019organisation des travaux futurs et les \u00e9tapes suivantes.<\/p>\n<ul>\n<li><a href=\"https:\/\/www.unidroit.org\/wp-content\/uploads\/2022\/07\/Doc.-1-Annotated-draft-Agenda.pdf\">Study LXXVIB \u2013 W.G. 4 \u2013 Doc. 1: Ordre du jour <\/a>\u00a0(en anglais)<\/li>\n<li><a href=\"https:\/\/www.unidroit.org\/wp-content\/uploads\/2023\/05\/Doc.-7-Report-Fourth-Session.pdf\">Study LXXVIB \u2013 W.G. 4 \u2013 Doc. 7: Rapport\u00a0<\/a> (en anglais)<\/li>\n<\/ul>\n<p>&nbsp;<\/p>\n<p><strong>Cinqui\u00e8me r\u00e9union du Groupe de travail<\/strong><\/p>\n<p>Du 12 au 14 d\u00e9cembre 2022, le Groupe de travail sur les meilleures pratiques pour des proc\u00e9dures d\u2019ex\u00e9cution efficaces, pr\u00e9sid\u00e9 par Kathryn Sabo, membre du Conseil de Direction, s\u2019est r\u00e9uni au si\u00e8ge d\u2019UNIDROIT \u00e0 Rome et via Zoom pour discuter des r\u00e9sultats des travaux intersession entrepris par ses membres et observateurs depuis la quatri\u00e8me session.<\/p>\n<p>Le Groupe de travail a poursuivi l\u2019examen des projets sur les meilleures pratiques visant \u00e0 rendre l\u2019ex\u00e9cution des droits des cr\u00e9anciers plus efficace, en mettant l\u2019accent sur l\u2019ex\u00e9cution par voie d\u2019autorit\u00e9, l\u2019ex\u00e9cution extrajudiciaire des cr\u00e9ances garanties, l\u2019ex\u00e9cution sur les actifs num\u00e9riques et les questions relatives aux ventes aux ench\u00e8res \u00e9lectroniques. La session a \u00e9t\u00e9 enrichie par une pr\u00e9sentation du Groupe de la Banque mondiale sur le recours au r\u00e8glement extrajudiciaire et au r\u00e8glement en ligne en mati\u00e8re d\u2019ex\u00e9cution.<\/p>\n<p>Le Groupe de travail a \u00e9galement abord\u00e9 la question de l\u2019organisation des travaux futurs et de la voie \u00e0 suivre, y compris les travaux du Comit\u00e9 de r\u00e9daction charg\u00e9 de finaliser les parties pour lesquelles le Groupe de travail est parvenu \u00e0 un accord de fond.<\/p>\n<ul>\n<li><a href=\"https:\/\/www.unidroit.org\/wp-content\/uploads\/2022\/12\/Doc.-1-Annotated-draft-Agenda-rev.pdf\">Study LXXVIB \u2013 W.G. 5 \u2013 Doc. 1 rev.: Ordre du jour\u00a0<\/a> (en anglais)<\/li>\n<li><a href=\"https:\/\/www.unidroit.org\/wp-content\/uploads\/2022\/12\/Doc.-2-Update-on-intersessional-work-and-status-of-the-project-Secretariats-Report-1.pdf\">Study LXXVIB \u2013 W.G. 5 \u2013 Doc. 2: Mise \u00e0 jour des travaux intersession et \u00e9tat d&#8217;avancement du projet (Rapport du Secr\u00e9tariat)<\/a> (en anglais)<\/li>\n<li><a href=\"https:\/\/www.unidroit.org\/wp-content\/uploads\/2023\/03\/Doc.-7-Report.pdf\">Study LXXIB \u2013 W.G. 5 \u2013 Doc. 7: Rapport<\/a> (en anglais)<\/li>\n<\/ul>\n<p>&nbsp;<\/p>\n<p><strong>Sixi\u00e8me r\u00e9union du Groupe de travail<\/strong><\/p>\n<p>Du 14 au 16 mars 2023, les membres et observateurs du Groupe de travail sur les meilleures pratiques pour des proc\u00e9dures d\u2019ex\u00e9cution efficaces se sont r\u00e9unis au si\u00e8ge d\u2019UNIDROIT \u00e0 Rome et par visioconf\u00e9rence pour travailler sur un projet sur les meilleures pratiques visant \u00e0 rendre plus efficace l\u2019ex\u00e9cution des droits des cr\u00e9anciers.<\/p>\n<p>Lors de cette session, le Groupe de travail s\u2019est concentr\u00e9 sur les meilleures pratiques concernant l\u2019ex\u00e9cution des cr\u00e9ances garanties, y compris la possibilit\u00e9 de proc\u00e9dures sp\u00e9ciales acc\u00e9l\u00e9r\u00e9es, l\u2019ex\u00e9cution par voie d\u2019autorit\u00e9 et l\u2019ex\u00e9cution sur les actifs num\u00e9riques, ainsi que sur une pr\u00e9sentation sur les meilleures pratiques en mati\u00e8re d\u2019ench\u00e8res en ligne faite par le Rapporteur sp\u00e9cial Massimiliano Blasone, Expert international au sein du Groupe de travail \u201cCyberjustice\u201d charg\u00e9 d\u2019\u00e9laborer les lignes directrices sur les ench\u00e8res judiciaires en ligne pour le Conseil de l\u2019Europe. En outre, le Groupe de travail a \u00e9tabli la voie \u00e0 suivre pour la poursuite des travaux du Comit\u00e9 de r\u00e9daction.<\/p>\n<ul>\n<li style=\"text-align: justify;\"><a href=\"https:\/\/www.unidroit.org\/wp-content\/uploads\/2023\/06\/Doc.-1-rev.-2-Annotated-draft-Agenda.pdf\">Study LXXVIB \u2013 W.G. 6 \u2013 Doc. 1 rev. 2<\/a>: Agenda (en anglais)<\/li>\n<li style=\"text-align: justify;\"><a href=\"https:\/\/www.unidroit.org\/wp-content\/uploads\/2023\/06\/Doc.-2-Update-on-intersessional-work-and-status-of-the-project-Secretariats-Report.pdf\">Study LXXVIB \u2013 W.G. 6 \u2013 Doc. 2<\/a>: Update on intersessional work and status of the project (Secretariat&#8217;s Report) (en anglais)<\/li>\n<li><a href=\"https:\/\/www.unidroit.org\/wp-content\/uploads\/2023\/06\/Study-LXXVIB-W.G.6-Doc.-7-Report.pdf\">Study LXXVIB \u2013 W.G. 6 \u2013 Doc. 7<\/a>: Report (en anglais)<\/li>\n<\/ul>\n<p>&nbsp;<\/p>\n<p><strong>Septi\u00e8me r\u00e9union du Groupe de travail<\/strong><\/p>\n<p>La septi\u00e8me session du Groupe de travail s&#8217;est tenue du 29 novembre au 1 d\u00e9cembre 2023.<\/p>\n<ul>\n<li style=\"text-align: justify;\"><a href=\"https:\/\/www.unidroit.org\/wp-content\/uploads\/2024\/01\/W.G.-7-Doc.-1-rev.-Annotated-Draft-Agenda.pdf\">Study LXXVIB \u2013 W.G. 7 \u2013 Doc. 1<\/a>: Agenda (en anglais)<\/li>\n<li style=\"text-align: justify;\"><a href=\"https:\/\/www.unidroit.org\/wp-content\/uploads\/2024\/01\/W.G.-7-Doc.-2-Update-on-intersessional-work-and-status-of-the-project-Secretariats-Report.pdf\">Study LXXVIB \u2013 W.G. 7 \u2013 Doc. 2<\/a>: Update on intersessional work and status of the project (Secretariat&#8217;s Report) (en anglais)<\/li>\n<li><a href=\"https:\/\/www.unidroit.org\/wp-content\/uploads\/2024\/03\/W.G.-7-Doc.-7-Report.pdf\">Study LXXVIB \u2013 W.G. 7 \u2013 Doc. 7<\/a>: Report (en anglais)<\/li>\n<\/ul>\n<p>&nbsp;<\/p>\n<p><strong>Huiti\u00e8me r\u00e9union du Groupe de travail<\/strong><\/p>\n<p>La huiti\u00e8me session du Groupe de travail s&#8217;est tenue du 15 au 17 avril 2024.<\/p>\n<ul>\n<li><a href=\"https:\/\/www.unidroit.org\/wp-content\/uploads\/2024\/06\/W.G.-8-Doc.-1-rev.-Annotated-Agenda.pdf\">Study LXXVIB \u2013 W.G. 8 \u2013 Doc. 1 rev.<\/a> \u2013 Agenda (en anglais)<\/li>\n<li><a href=\"https:\/\/www.unidroit.org\/wp-content\/uploads\/2024\/06\/W.G.-8-Doc.-2-Update-on-intersessional-work-and-status-of-the-project.pdf\">Study LXXVIB \u2013 W.G. 8 \u2013 Doc. 2<\/a> \u2013 Update on intersessional work and status of the project (Secretariat\u2019s Report) (en anglais)<\/li>\n<li><a href=\"https:\/\/www.unidroit.org\/wp-content\/uploads\/2024\/06\/W.G.-8-Doc.-7-Report.pdf\">Study LXXVIB \u2013 W.G. 8 \u2013 Doc. 7<\/a> \u2013 Report (en anglais)<\/li>\n<\/ul>\n<p>&nbsp;<\/p>\n<p><strong>R\u00e9union extraordinaire \u00e0 distance du Groupe de travail<\/strong><\/p>\n<p>Le Groupe de travail s&#8217;est r\u00e9uni \u00e0 distance pour une session extraordinaire les 23 et 24 septembre 2024.<\/p>\n<ul>\n<li><a href=\"https:\/\/www.unidroit.org\/wp-content\/uploads\/2024\/09\/Doc.-1-Annotated-Agenda.pdf\">Study LXXVIB &#8211; Ext.W.G. &#8211; Doc. 1 rev.<\/a> &#8211; Annotated agenda (Projet d&#8217;ordre du jour annot\u00e9, en anglais)<\/li>\n<li><a href=\"https:\/\/www.unidroit.org\/wp-content\/uploads\/2024\/11\/Doc.-7-Summary-Report.pdf\">Study LXXVIB &#8211; Ext.W.G. &#8211; Doc. 7<\/a> &#8211; Report (en anglais)<\/li>\n<\/ul>\n<p>&nbsp;<\/p>\n<p><strong>Neuvi\u00e8me r\u00e9union du Groupe de travail<\/strong><\/p>\n<p>La neuvi\u00e8me r\u00e9union du Groupe de travail s&#8217;est tenue du 2 au 4 d\u00e9cembre 2024.<\/p>\n<ul>\n<li><a href=\"https:\/\/www.unidroit.org\/wp-content\/uploads\/2024\/11\/W.G.-9-Doc.-1-rev.2-Annotated-Draft-Agenda.pdf\">Study LXXVIB &#8211; W.G. 9 &#8211; Doc. 1 rev.2<\/a> &#8211; Annotated draft agenda (Projet d&#8217;ordre du jour annot\u00e9, en anglais)<\/li>\n<li><a href=\"https:\/\/www.unidroit.org\/wp-content\/uploads\/2024\/11\/W.G.-9-Doc.-2-Update-on-intersessional-work-and-status-of-the-project.pdf\">Study LXXVIB &#8211; W.G. 9 &#8211; Doc. 2<\/a> &#8211; Update on intersessional work and status of the project (Secretariat&#8217;s Report) (en anglais)<\/li>\n<li><a href=\"https:\/\/www.unidroit.org\/wp-content\/uploads\/2025\/02\/Doc.-9-Summary-Report-Ninth-session.pdf\">Study LXXVIB &#8211; W.G. 9 &#8211; Doc. 9<\/a> &#8211; Report (en anglais)<\/li>\n<\/ul>\n<p>&nbsp;<\/p>\n<p><strong>Dixi\u00e8me r\u00e9union du Groupe de travail<\/strong><\/p>\n<p>La dixi\u00e8me r\u00e9union du Groupe de travail s&#8217;est tenue du 10 au 12 mars 2025.<\/p>\n<ul>\n<li><a href=\"https:\/\/www.unidroit.org\/wp-content\/uploads\/2025\/04\/W.G.-10-Doc.-1-Annotated-Draft-Agenda.pdf\">Study LXXVIB &#8211; W.G. 10 &#8211; Doc. 1<\/a>\u00a0&#8211; Annotated draft agenda (Projet d&#8217;ordre du jour annot\u00e9, en anglais)<\/li>\n<li><a href=\"https:\/\/www.unidroit.org\/wp-content\/uploads\/2025\/04\/W.G.-10-Doc.-2-Update-on-intersessional-work-and-status-of-the-project.pdf\">Study LXXVIB &#8211; W.G. 10 &#8211; Doc. 2<\/a> &#8211; Update on intersessional work and status of the project (Secretariat&#8217;s Report) (en anglais)<\/li>\n<li><a href=\"https:\/\/www.unidroit.org\/wp-content\/uploads\/2025\/09\/W.G.-10-Doc.-4-Summary-Report-Tenth-session.pdf\">Study LXXVIB &#8211; W.G. 10 &#8211; Doc. 4<\/a> &#8211; Summary report (en anglais)<\/li>\n<\/ul>\n<p>&nbsp;<\/p>\n<p><strong>Onzi\u00e8me r\u00e9union du Groupe de travail<\/strong><\/p>\n<p>L&#8217;onzi\u00e8me r\u00e9union du Groupe de travail se tiendra du 13 au 15 octobre 2025.<\/p>\n<ul>\n<li><a href=\"https:\/\/www.unidroit.org\/wp-content\/uploads\/2025\/09\/W.G.-11-Doc.-1-Annotated-Draft-Agenda.pdf\">Study LXXVIB &#8211; W.G. 11 &#8211; Doc. 1<\/a>\u00a0&#8211; Annotated draft agenda (Projet d&#8217;ordre du jour annot\u00e9, en anglais)<\/li>\n<li><a href=\"https:\/\/www.unidroit.org\/wp-content\/uploads\/2026\/02\/W.G.-11-Doc.-6-Summary-Report.pdf\">Study LXXVIB &#8211; W.G. 11 &#8211; Doc. 6<\/a> &#8211; Summary report (en anglais)<\/li>\n<\/ul>\n<p>[\/vc_column_text][\/vc_tta_section][\/vc_tta_accordion][\/vc_column][\/vc_row]<\/p>\n<\/div>","protected":false},"excerpt":{"rendered":"<p>[vc_row][vc_column css=&#8221;.vc_custom_1490017614850{margin-bottom: 30px !important;}&#8221;][vc_custom_heading text=&#8221;EX\u00c9CUTION: MEILLEURES PRATIQUES&#8221; font_container=&#8221;tag:h1|text_align:left&#8221; use_theme_fonts=&#8221;yes&#8221; css=&#8221;.vc_custom_1627907984327{margin-top: 0px !important;margin-bottom: 20px !important;}&#8221;][vc_custom_heading text=&#8221;\u00c9TUDE LXXVI B : MEILLEURES PRATIQUES POUR DES PROC\u00c9DURES D\u2019EX\u00c9CUTION EFFICACES&#8221; font_container=&#8221;tag:h4|text_align:left&#8221; use_theme_fonts=&#8221;yes&#8221;][vc_single_image image=&#8221;12577&#8243; img_size=&#8221;full&#8221; alignment=&#8221;center&#8221;][\/vc_column][\/vc_row][vc_row css=&#8221;.vc_custom_1622455036974{background-color: #f2f2f2 !important;}&#8221;][vc_column css=&#8221;.vc_custom_1490017614850{margin-bottom: 30px !important;}&#8221;][vc_column_text css=&#8221;.vc_custom_1644500368594{padding-right: 35px !important;padding-left: 35px !important;background-color: #f2f2f2 !important;}&#8221;]Historique du projet&nbsp;<a href=\"https:\/\/www.unidroit.org\/fr\/travaux-en-cours\/execution-meilleures-pratiques\/\">&hellip;<\/a><\/p>\n","protected":false},"author":20,"featured_media":0,"parent":5132,"menu_order":0,"comment_status":"closed","ping_status":"closed","template":"","meta":{"ep_exclude_from_search":false,"footnotes":""},"class_list":["post-5139","page","type-page","status-publish","format-standard","hentry","odd"],"_links":{"self":[{"href":"https:\/\/www.unidroit.org\/fr\/wp-json\/wp\/v2\/pages\/5139","targetHints":{"allow":["GET"]}}],"collection":[{"href":"https:\/\/www.unidroit.org\/fr\/wp-json\/wp\/v2\/pages"}],"about":[{"href":"https:\/\/www.unidroit.org\/fr\/wp-json\/wp\/v2\/types\/page"}],"author":[{"embeddable":true,"href":"https:\/\/www.unidroit.org\/fr\/wp-json\/wp\/v2\/users\/20"}],"replies":[{"embeddable":true,"href":"https:\/\/www.unidroit.org\/fr\/wp-json\/wp\/v2\/comments?post=5139"}],"version-history":[{"count":8,"href":"https:\/\/www.unidroit.org\/fr\/wp-json\/wp\/v2\/pages\/5139\/revisions"}],"predecessor-version":[{"id":38194,"href":"https:\/\/www.unidroit.org\/fr\/wp-json\/wp\/v2\/pages\/5139\/revisions\/38194"}],"up":[{"embeddable":true,"href":"https:\/\/www.unidroit.org\/fr\/wp-json\/wp\/v2\/pages\/5132"}],"wp:attachment":[{"href":"https:\/\/www.unidroit.org\/fr\/wp-json\/wp\/v2\/media?parent=5139"}],"curies":[{"name":"wp","href":"https:\/\/api.w.org\/{rel}","templated":true}]}}