{"id":37951,"date":"2026-01-26T11:39:06","date_gmt":"2026-01-26T10:39:06","guid":{"rendered":"https:\/\/www.unidroit.org\/event\/seance-pleniere-inaugurale-codeway-expo-rome\/"},"modified":"2026-02-12T16:46:08","modified_gmt":"2026-02-12T15:46:08","slug":"seance-pleniere-inaugurale-codeway-expo-rome","status":"publish","type":"tribe_events","link":"https:\/\/www.unidroit.org\/fr\/event\/seance-pleniere-inaugurale-codeway-expo-rome\/","title":{"rendered":"S\u00e9ance pl\u00e9ni\u00e8re inaugurale (Codeway Expo, Rome)"},"content":{"rendered":"<p style=\"text-align: justify;\">UNIDROIT participera \u00e0 la s\u00e9ance pl\u00e9ni\u00e8re d\u2019ouverture de l\u2019Expo Codeway \u00e0 Rome. Cet \u00e9v\u00e9nement, qui s\u2019inscrit dans le cadre de cette importante manifestation internationale organis\u00e9e par la Direction de la coop\u00e9ration et du d\u00e9veloppement du Minist\u00e8re italien des affaires \u00e9trang\u00e8res et de la Coop\u00e9ration internationale, mettra en valeur les projets les plus embl\u00e9matiques d\u2019UNIDROIT dans le domaine du d\u00e9veloppement et de la coop\u00e9ration internationaux.<\/p>\n","protected":false},"excerpt":{"rendered":"<p>UNIDROIT participera \u00e0 la s\u00e9ance pl\u00e9ni\u00e8re d\u2019ouverture de l\u2019Expo Codeway \u00e0 Rome. Cet \u00e9v\u00e9nement, qui s\u2019inscrit dans le cadre de cette importante manifestation internationale organis\u00e9e par la Direction de la coop\u00e9ration et du d\u00e9veloppement du Minist\u00e8re italien des affaires \u00e9trang\u00e8res et de la Coop\u00e9ration internationale,&nbsp;<a href=\"https:\/\/www.unidroit.org\/fr\/event\/seance-pleniere-inaugurale-codeway-expo-rome\/\">&hellip;<\/a><\/p>\n","protected":false},"author":35,"featured_media":0,"template":"","format":"standard","meta":{"ep_exclude_from_search":false,"_tribe_events_status":"","_tribe_events_status_reason":"","footnotes":""},"tags":[],"tribe_events_cat":[356],"class_list":["post-37951","tribe_events","type-tribe_events","status-publish","format-standard","hentry","tribe_events_cat-centenary-fr","cat_centenary-fr","odd"],"_links":{"self":[{"href":"https:\/\/www.unidroit.org\/fr\/wp-json\/wp\/v2\/tribe_events\/37951","targetHints":{"allow":["GET"]}}],"collection":[{"href":"https:\/\/www.unidroit.org\/fr\/wp-json\/wp\/v2\/tribe_events"}],"about":[{"href":"https:\/\/www.unidroit.org\/fr\/wp-json\/wp\/v2\/types\/tribe_events"}],"author":[{"embeddable":true,"href":"https:\/\/www.unidroit.org\/fr\/wp-json\/wp\/v2\/users\/35"}],"version-history":[{"count":2,"href":"https:\/\/www.unidroit.org\/fr\/wp-json\/wp\/v2\/tribe_events\/37951\/revisions"}],"predecessor-version":[{"id":38377,"href":"https:\/\/www.unidroit.org\/fr\/wp-json\/wp\/v2\/tribe_events\/37951\/revisions\/38377"}],"wp:attachment":[{"href":"https:\/\/www.unidroit.org\/fr\/wp-json\/wp\/v2\/media?parent=37951"}],"wp:term":[{"taxonomy":"post_tag","embeddable":true,"href":"https:\/\/www.unidroit.org\/fr\/wp-json\/wp\/v2\/tags?post=37951"},{"taxonomy":"tribe_events_cat","embeddable":true,"href":"https:\/\/www.unidroit.org\/fr\/wp-json\/wp\/v2\/tribe_events_cat?post=37951"}],"curies":[{"name":"wp","href":"https:\/\/api.w.org\/{rel}","templated":true}]}}